{"id":106,"date":"2016-01-26T18:13:37","date_gmt":"2016-01-26T18:13:37","guid":{"rendered":"http:\/\/cpgarciagaldeano.educacion.navarra.es\/web\/blog5\/?page_id=106"},"modified":"2016-06-05T08:56:56","modified_gmt":"2016-06-05T08:56:56","slug":"leer-en-parejas","status":"publish","type":"page","link":"https:\/\/cpgarciagaldeano.educacion.navarra.es\/web\/blog5\/leer-en-parejas\/","title":{"rendered":"LEER EN PAREJAS"},"content":{"rendered":"<p><strong>CUESTIONARIO VALORACI\u00d3N TUTOR\u00cdA REC\u00cdPROCA ALUMNOS<\/strong><\/p>\n<p>Pincha este enlace para <strong><span style=\"text-decoration: underline\"><a href=\"https:\/\/docs.google.com\/forms\/d\/1oYO5OSuwCG0QNNt1GOpufFmmYsl7T9fas3L8GMGtFJw\/viewform?c=0&amp;w=1\">contestar<\/a><\/span><\/strong><\/p>\n<p>TEXTOS PREPARADOS POR LOS ALUMNOS\/AS<\/p>\n<ul>\n<li><a href=\"https:\/\/drive.google.com\/file\/d\/0B4A235cc9YNqbk1iRHdueUtrU2s\/view?usp=sharing\">C3N_F\u00e1bula<\/a><\/li>\n<li><a href=\"https:\/\/drive.google.com\/file\/d\/0B4A235cc9YNqNFlrZXhtWGhCc0k\/view?usp=sharing\">C3E_Picasso<\/a><\/li>\n<li><a href=\"https:\/\/drive.google.com\/file\/d\/0B4A235cc9YNqNF85R3VPb0duTms\/view?usp=sharing\">C3A _Contaminar<\/a><\/li>\n<li><a href=\"https:\/\/drive.google.com\/file\/d\/0B4A235cc9YNqUFpUd1EtUUk4ZkU\/view?usp=sharing\">C3N _Hadas<\/a><\/li>\n<li><a href=\"https:\/\/drive.google.com\/file\/d\/0B4A235cc9YNqN1VpMVZqZUY2N3c\/view?usp=sharing\">C3N_AupaMadrid<\/a><\/li>\n<\/ul>\n<p><a href=\"https:\/\/cpgarciagaldeano.educacion.navarra.es\/web\/blog5\/lengua\/?preview_id=66&amp;preview_nonce=30d6d9f62d&amp;preview=true\"><img loading=\"lazy\" class=\"wp-image-801 size-medium aligncenter\" src=\"https:\/\/cpgarciagaldeano.educacion.navarra.es\/web\/blog5\/wp-content\/uploads\/sites\/2\/2016\/01\/collageDeportes-300x300.jpg\" alt=\"collageDeportes\" width=\"300\" height=\"300\" srcset=\"https:\/\/cpgarciagaldeano.educacion.navarra.es\/web\/blog5\/wp-content\/uploads\/sites\/2\/2016\/01\/collageDeportes-300x300.jpg 300w, https:\/\/cpgarciagaldeano.educacion.navarra.es\/web\/blog5\/wp-content\/uploads\/sites\/2\/2016\/01\/collageDeportes-150x150.jpg 150w, https:\/\/cpgarciagaldeano.educacion.navarra.es\/web\/blog5\/wp-content\/uploads\/sites\/2\/2016\/01\/collageDeportes-768x768.jpg 768w, https:\/\/cpgarciagaldeano.educacion.navarra.es\/web\/blog5\/wp-content\/uploads\/sites\/2\/2016\/01\/collageDeportes-1024x1024.jpg 1024w, https:\/\/cpgarciagaldeano.educacion.navarra.es\/web\/blog5\/wp-content\/uploads\/sites\/2\/2016\/01\/collageDeportes.jpg 1200w\" sizes=\"(max-width: 300px) 100vw, 300px\" \/><\/a><\/p>\n<p><strong>D\u00e9cimo tercera\u00a0<\/strong><a href=\"https:\/\/drive.google.com\/file\/d\/0B4A235cc9YNqOWlpbDI2enUydXc\/view?usp=sharing\" target=\"_blank\">C3P_Besos<\/a><\/p>\n<p><a href=\"https:\/\/cpgarciagaldeano.educacion.navarra.es\/web\/blog5\/wp-content\/uploads\/sites\/2\/2016\/01\/collagel.pBesos.jpg\"><img loading=\"lazy\" class=\"wp-image-768 size-medium alignleft\" src=\"https:\/\/cpgarciagaldeano.educacion.navarra.es\/web\/blog5\/wp-content\/uploads\/sites\/2\/2016\/01\/collagel.pBesos-300x300.jpg\" alt=\"collagel.pBesos\" width=\"300\" height=\"300\" srcset=\"https:\/\/cpgarciagaldeano.educacion.navarra.es\/web\/blog5\/wp-content\/uploads\/sites\/2\/2016\/01\/collagel.pBesos-300x300.jpg 300w, https:\/\/cpgarciagaldeano.educacion.navarra.es\/web\/blog5\/wp-content\/uploads\/sites\/2\/2016\/01\/collagel.pBesos-150x150.jpg 150w, https:\/\/cpgarciagaldeano.educacion.navarra.es\/web\/blog5\/wp-content\/uploads\/sites\/2\/2016\/01\/collagel.pBesos-768x768.jpg 768w, https:\/\/cpgarciagaldeano.educacion.navarra.es\/web\/blog5\/wp-content\/uploads\/sites\/2\/2016\/01\/collagel.pBesos-1024x1024.jpg 1024w, https:\/\/cpgarciagaldeano.educacion.navarra.es\/web\/blog5\/wp-content\/uploads\/sites\/2\/2016\/01\/collagel.pBesos.jpg 1200w\" sizes=\"(max-width: 300px) 100vw, 300px\" \/><\/a><\/p>\n<p>&nbsp;<\/p>\n<ul>\n<li>V\u00eddeo de la<a href=\"https:\/\/goo.gl\/photos\/yaGufZ6sLi7DrqpN6\" target=\"_blank\"> sesi\u00f3n<\/a><\/li>\n<\/ul>\n<p>&nbsp;<\/p>\n<p>&nbsp;<\/p>\n<p>&nbsp;<\/p>\n<p>&nbsp;<\/p>\n<p>&nbsp;<\/p>\n<p>&nbsp;<\/p>\n<p><strong>D\u00e9cimo segunda<\/strong> <a href=\"https:\/\/drive.google.com\/file\/d\/0B4A235cc9YNqc0dRTGhleDFBSzQ\/view?usp=sharing\">C3E_Shakira<\/a><\/p>\n<p><a href=\"https:\/\/cpgarciagaldeano.educacion.navarra.es\/web\/blog5\/wp-content\/uploads\/sites\/2\/2016\/01\/collageshakira.jpg\"><img loading=\"lazy\" class=\"aligncenter wp-image-660 size-medium\" src=\"https:\/\/cpgarciagaldeano.educacion.navarra.es\/web\/blog5\/wp-content\/uploads\/sites\/2\/2016\/01\/collageshakira-300x300.jpg\" alt=\"collageshakira\" width=\"300\" height=\"300\" srcset=\"https:\/\/cpgarciagaldeano.educacion.navarra.es\/web\/blog5\/wp-content\/uploads\/sites\/2\/2016\/01\/collageshakira-300x300.jpg 300w, https:\/\/cpgarciagaldeano.educacion.navarra.es\/web\/blog5\/wp-content\/uploads\/sites\/2\/2016\/01\/collageshakira-150x150.jpg 150w, https:\/\/cpgarciagaldeano.educacion.navarra.es\/web\/blog5\/wp-content\/uploads\/sites\/2\/2016\/01\/collageshakira-768x768.jpg 768w, https:\/\/cpgarciagaldeano.educacion.navarra.es\/web\/blog5\/wp-content\/uploads\/sites\/2\/2016\/01\/collageshakira-1024x1024.jpg 1024w, https:\/\/cpgarciagaldeano.educacion.navarra.es\/web\/blog5\/wp-content\/uploads\/sites\/2\/2016\/01\/collageshakira.jpg 1200w\" sizes=\"(max-width: 300px) 100vw, 300px\" \/><\/a><\/p>\n<p><strong>D\u00e9cimo primera<\/strong> <a href=\"https:\/\/drive.google.com\/file\/d\/0B4A235cc9YNqdGVDWWRoSDA5dmc\/view?usp=sharing\">C3N_ Lamia<\/a><\/p>\n<p style=\"text-align: center\"><a href=\"https:\/\/cpgarciagaldeano.educacion.navarra.es\/web\/blog5\/wp-content\/uploads\/sites\/2\/2016\/01\/collagelec-parejas-leyenda.jpg\"><img loading=\"lazy\" class=\"alignnone wp-image-650 size-medium\" src=\"https:\/\/cpgarciagaldeano.educacion.navarra.es\/web\/blog5\/wp-content\/uploads\/sites\/2\/2016\/01\/collagelec-parejas-leyenda-300x300.jpg\" alt=\"collagelec parejas leyenda\" width=\"300\" height=\"300\" srcset=\"https:\/\/cpgarciagaldeano.educacion.navarra.es\/web\/blog5\/wp-content\/uploads\/sites\/2\/2016\/01\/collagelec-parejas-leyenda-300x300.jpg 300w, https:\/\/cpgarciagaldeano.educacion.navarra.es\/web\/blog5\/wp-content\/uploads\/sites\/2\/2016\/01\/collagelec-parejas-leyenda-150x150.jpg 150w, https:\/\/cpgarciagaldeano.educacion.navarra.es\/web\/blog5\/wp-content\/uploads\/sites\/2\/2016\/01\/collagelec-parejas-leyenda-768x768.jpg 768w, https:\/\/cpgarciagaldeano.educacion.navarra.es\/web\/blog5\/wp-content\/uploads\/sites\/2\/2016\/01\/collagelec-parejas-leyenda-1024x1024.jpg 1024w, https:\/\/cpgarciagaldeano.educacion.navarra.es\/web\/blog5\/wp-content\/uploads\/sites\/2\/2016\/01\/collagelec-parejas-leyenda.jpg 1200w\" sizes=\"(max-width: 300px) 100vw, 300px\" \/><\/a><\/p>\n<p><strong>D\u00e9cima sesi\u00f3n<\/strong> <a href=\"https:\/\/cpgarciagaldeano.educacion.navarra.es\/web\/blog5\/2016\/04\/18\/cuentos-personalizados\/\" target=\"_blank\">Cuentos Personalizados<\/a><\/p>\n<p style=\"text-align: center\">Enlace a los <a href=\"https:\/\/cpgarciagaldeano.educacion.navarra.es\/web\/blog5\/wp-content\/uploads\/sites\/2\/2016\/04\/cuentos-personalizados.pdf\">cuentos personalizados<\/a><\/p>\n<p><a href=\"https:\/\/cpgarciagaldeano.educacion.navarra.es\/web\/blog5\/wp-content\/uploads\/sites\/2\/2016\/01\/collagelecparejas4.jpg\"><img loading=\"lazy\" class=\"aligncenter wp-image-616 size-medium\" src=\"https:\/\/cpgarciagaldeano.educacion.navarra.es\/web\/blog5\/wp-content\/uploads\/sites\/2\/2016\/01\/collagelecparejas4-300x300.jpg\" alt=\"collagelecparejas4\" width=\"300\" height=\"300\" srcset=\"https:\/\/cpgarciagaldeano.educacion.navarra.es\/web\/blog5\/wp-content\/uploads\/sites\/2\/2016\/01\/collagelecparejas4-300x300.jpg 300w, https:\/\/cpgarciagaldeano.educacion.navarra.es\/web\/blog5\/wp-content\/uploads\/sites\/2\/2016\/01\/collagelecparejas4-150x150.jpg 150w, https:\/\/cpgarciagaldeano.educacion.navarra.es\/web\/blog5\/wp-content\/uploads\/sites\/2\/2016\/01\/collagelecparejas4-768x768.jpg 768w, https:\/\/cpgarciagaldeano.educacion.navarra.es\/web\/blog5\/wp-content\/uploads\/sites\/2\/2016\/01\/collagelecparejas4-1024x1024.jpg 1024w, https:\/\/cpgarciagaldeano.educacion.navarra.es\/web\/blog5\/wp-content\/uploads\/sites\/2\/2016\/01\/collagelecparejas4.jpg 1200w\" sizes=\"(max-width: 300px) 100vw, 300px\" \/><\/a><a href=\"https:\/\/cpgarciagaldeano.educacion.navarra.es\/web\/blog5\/wp-content\/uploads\/sites\/2\/2016\/01\/collagelecparejas5.jpg\"><img loading=\"lazy\" class=\"aligncenter wp-image-620 size-medium\" src=\"https:\/\/cpgarciagaldeano.educacion.navarra.es\/web\/blog5\/wp-content\/uploads\/sites\/2\/2016\/01\/collagelecparejas5-300x300.jpg\" alt=\"collagelecparejas5\" width=\"300\" height=\"300\" srcset=\"https:\/\/cpgarciagaldeano.educacion.navarra.es\/web\/blog5\/wp-content\/uploads\/sites\/2\/2016\/01\/collagelecparejas5-300x300.jpg 300w, https:\/\/cpgarciagaldeano.educacion.navarra.es\/web\/blog5\/wp-content\/uploads\/sites\/2\/2016\/01\/collagelecparejas5-150x150.jpg 150w, https:\/\/cpgarciagaldeano.educacion.navarra.es\/web\/blog5\/wp-content\/uploads\/sites\/2\/2016\/01\/collagelecparejas5-768x768.jpg 768w, https:\/\/cpgarciagaldeano.educacion.navarra.es\/web\/blog5\/wp-content\/uploads\/sites\/2\/2016\/01\/collagelecparejas5-1024x1024.jpg 1024w, https:\/\/cpgarciagaldeano.educacion.navarra.es\/web\/blog5\/wp-content\/uploads\/sites\/2\/2016\/01\/collagelecparejas5.jpg 1200w\" sizes=\"(max-width: 300px) 100vw, 300px\" \/><\/a><a href=\"https:\/\/cpgarciagaldeano.educacion.navarra.es\/web\/blog5\/wp-content\/uploads\/sites\/2\/2016\/01\/collagelecparejas3.jpg\"><img loading=\"lazy\" class=\"aligncenter wp-image-617 size-medium\" src=\"https:\/\/cpgarciagaldeano.educacion.navarra.es\/web\/blog5\/wp-content\/uploads\/sites\/2\/2016\/01\/collagelecparejas3-300x300.jpg\" alt=\"collagelecparejas3\" width=\"300\" height=\"300\" srcset=\"https:\/\/cpgarciagaldeano.educacion.navarra.es\/web\/blog5\/wp-content\/uploads\/sites\/2\/2016\/01\/collagelecparejas3-300x300.jpg 300w, https:\/\/cpgarciagaldeano.educacion.navarra.es\/web\/blog5\/wp-content\/uploads\/sites\/2\/2016\/01\/collagelecparejas3-150x150.jpg 150w, https:\/\/cpgarciagaldeano.educacion.navarra.es\/web\/blog5\/wp-content\/uploads\/sites\/2\/2016\/01\/collagelecparejas3-768x768.jpg 768w, https:\/\/cpgarciagaldeano.educacion.navarra.es\/web\/blog5\/wp-content\/uploads\/sites\/2\/2016\/01\/collagelecparejas3-1024x1024.jpg 1024w, https:\/\/cpgarciagaldeano.educacion.navarra.es\/web\/blog5\/wp-content\/uploads\/sites\/2\/2016\/01\/collagelecparejas3.jpg 1200w\" sizes=\"(max-width: 300px) 100vw, 300px\" \/><\/a><a href=\"https:\/\/cpgarciagaldeano.educacion.navarra.es\/web\/blog5\/wp-content\/uploads\/sites\/2\/2016\/01\/collagelecparejas2.jpg\"><img loading=\"lazy\" class=\"aligncenter wp-image-618 size-medium\" src=\"https:\/\/cpgarciagaldeano.educacion.navarra.es\/web\/blog5\/wp-content\/uploads\/sites\/2\/2016\/01\/collagelecparejas2-300x300.jpg\" alt=\"collagelecparejas2\" width=\"300\" height=\"300\" srcset=\"https:\/\/cpgarciagaldeano.educacion.navarra.es\/web\/blog5\/wp-content\/uploads\/sites\/2\/2016\/01\/collagelecparejas2-300x300.jpg 300w, https:\/\/cpgarciagaldeano.educacion.navarra.es\/web\/blog5\/wp-content\/uploads\/sites\/2\/2016\/01\/collagelecparejas2-150x150.jpg 150w, https:\/\/cpgarciagaldeano.educacion.navarra.es\/web\/blog5\/wp-content\/uploads\/sites\/2\/2016\/01\/collagelecparejas2-768x768.jpg 768w, https:\/\/cpgarciagaldeano.educacion.navarra.es\/web\/blog5\/wp-content\/uploads\/sites\/2\/2016\/01\/collagelecparejas2-1024x1024.jpg 1024w, https:\/\/cpgarciagaldeano.educacion.navarra.es\/web\/blog5\/wp-content\/uploads\/sites\/2\/2016\/01\/collagelecparejas2.jpg 1200w\" sizes=\"(max-width: 300px) 100vw, 300px\" \/><\/a><a href=\"https:\/\/cpgarciagaldeano.educacion.navarra.es\/web\/blog5\/wp-content\/uploads\/sites\/2\/2016\/01\/collagelecparejas0.jpg\"><img loading=\"lazy\" class=\"aligncenter wp-image-619 size-medium\" src=\"https:\/\/cpgarciagaldeano.educacion.navarra.es\/web\/blog5\/wp-content\/uploads\/sites\/2\/2016\/01\/collagelecparejas0-300x300.jpg\" alt=\"collagelecparejas0\" width=\"300\" height=\"300\" srcset=\"https:\/\/cpgarciagaldeano.educacion.navarra.es\/web\/blog5\/wp-content\/uploads\/sites\/2\/2016\/01\/collagelecparejas0-300x300.jpg 300w, https:\/\/cpgarciagaldeano.educacion.navarra.es\/web\/blog5\/wp-content\/uploads\/sites\/2\/2016\/01\/collagelecparejas0-150x150.jpg 150w, https:\/\/cpgarciagaldeano.educacion.navarra.es\/web\/blog5\/wp-content\/uploads\/sites\/2\/2016\/01\/collagelecparejas0-768x768.jpg 768w, https:\/\/cpgarciagaldeano.educacion.navarra.es\/web\/blog5\/wp-content\/uploads\/sites\/2\/2016\/01\/collagelecparejas0-1024x1024.jpg 1024w, https:\/\/cpgarciagaldeano.educacion.navarra.es\/web\/blog5\/wp-content\/uploads\/sites\/2\/2016\/01\/collagelecparejas0.jpg 1200w\" sizes=\"(max-width: 300px) 100vw, 300px\" \/><\/a><\/p>\n<p><strong>Novena sesi\u00f3n<\/strong>\u00a0<a href=\"https:\/\/drive.google.com\/file\/d\/0B4A235cc9YNqdXZ4d3M1VmlSb3c\/view?usp=sharing\">Pasatiempos<\/a><\/p>\n<p><a href=\"https:\/\/cpgarciagaldeano.educacion.navarra.es\/web\/blog5\/wp-content\/uploads\/sites\/2\/2016\/01\/pasatiempo.jpg\"><img loading=\"lazy\" class=\"aligncenter wp-image-554 size-medium\" src=\"https:\/\/cpgarciagaldeano.educacion.navarra.es\/web\/blog5\/wp-content\/uploads\/sites\/2\/2016\/01\/pasatiempo-300x99.jpg\" alt=\"pasatiempo\" width=\"300\" height=\"99\" srcset=\"https:\/\/cpgarciagaldeano.educacion.navarra.es\/web\/blog5\/wp-content\/uploads\/sites\/2\/2016\/01\/pasatiempo-300x99.jpg 300w, https:\/\/cpgarciagaldeano.educacion.navarra.es\/web\/blog5\/wp-content\/uploads\/sites\/2\/2016\/01\/pasatiempo-768x253.jpg 768w, https:\/\/cpgarciagaldeano.educacion.navarra.es\/web\/blog5\/wp-content\/uploads\/sites\/2\/2016\/01\/pasatiempo-1024x338.jpg 1024w, https:\/\/cpgarciagaldeano.educacion.navarra.es\/web\/blog5\/wp-content\/uploads\/sites\/2\/2016\/01\/pasatiempo-500x165.jpg 500w, https:\/\/cpgarciagaldeano.educacion.navarra.es\/web\/blog5\/wp-content\/uploads\/sites\/2\/2016\/01\/pasatiempo.jpg 1200w\" sizes=\"(max-width: 300px) 100vw, 300px\" \/><\/a><\/p>\n<p><a href=\"https:\/\/cpgarciagaldeano.educacion.navarra.es\/web\/blog5\/wp-content\/uploads\/sites\/2\/2016\/01\/pasatiempo1.jpg\"><img loading=\"lazy\" class=\"aligncenter wp-image-555 size-medium\" src=\"https:\/\/cpgarciagaldeano.educacion.navarra.es\/web\/blog5\/wp-content\/uploads\/sites\/2\/2016\/01\/pasatiempo1-300x150.jpg\" alt=\"pasatiempo1\" width=\"300\" height=\"150\" srcset=\"https:\/\/cpgarciagaldeano.educacion.navarra.es\/web\/blog5\/wp-content\/uploads\/sites\/2\/2016\/01\/pasatiempo1-300x150.jpg 300w, https:\/\/cpgarciagaldeano.educacion.navarra.es\/web\/blog5\/wp-content\/uploads\/sites\/2\/2016\/01\/pasatiempo1-768x384.jpg 768w, https:\/\/cpgarciagaldeano.educacion.navarra.es\/web\/blog5\/wp-content\/uploads\/sites\/2\/2016\/01\/pasatiempo1-1024x512.jpg 1024w, https:\/\/cpgarciagaldeano.educacion.navarra.es\/web\/blog5\/wp-content\/uploads\/sites\/2\/2016\/01\/pasatiempo1-500x250.jpg 500w, https:\/\/cpgarciagaldeano.educacion.navarra.es\/web\/blog5\/wp-content\/uploads\/sites\/2\/2016\/01\/pasatiempo1.jpg 1200w\" sizes=\"(max-width: 300px) 100vw, 300px\" \/><\/a><\/p>\n<p><strong>Octava sesi\u00f3n<\/strong> <a href=\"https:\/\/drive.google.com\/file\/d\/0B4A235cc9YNqQkU0WmFmVXpKS28\/view?usp=sharing\">C3N_Escuela Romana<\/a><\/p>\n<p><a href=\"https:\/\/cpgarciagaldeano.educacion.navarra.es\/web\/blog5\/wp-content\/uploads\/sites\/2\/2016\/01\/collagel.p-escuela.jpg\"><img loading=\"lazy\" class=\"aligncenter wp-image-529 size-medium\" src=\"https:\/\/cpgarciagaldeano.educacion.navarra.es\/web\/blog5\/wp-content\/uploads\/sites\/2\/2016\/01\/collagel.p-escuela-300x300.jpg\" alt=\"collagel.p escuela\" width=\"300\" height=\"300\" srcset=\"https:\/\/cpgarciagaldeano.educacion.navarra.es\/web\/blog5\/wp-content\/uploads\/sites\/2\/2016\/01\/collagel.p-escuela-300x300.jpg 300w, https:\/\/cpgarciagaldeano.educacion.navarra.es\/web\/blog5\/wp-content\/uploads\/sites\/2\/2016\/01\/collagel.p-escuela-150x150.jpg 150w, https:\/\/cpgarciagaldeano.educacion.navarra.es\/web\/blog5\/wp-content\/uploads\/sites\/2\/2016\/01\/collagel.p-escuela-768x768.jpg 768w, https:\/\/cpgarciagaldeano.educacion.navarra.es\/web\/blog5\/wp-content\/uploads\/sites\/2\/2016\/01\/collagel.p-escuela-1024x1024.jpg 1024w, https:\/\/cpgarciagaldeano.educacion.navarra.es\/web\/blog5\/wp-content\/uploads\/sites\/2\/2016\/01\/collagel.p-escuela.jpg 1200w\" sizes=\"(max-width: 300px) 100vw, 300px\" \/><\/a><a href=\"https:\/\/cpgarciagaldeano.educacion.navarra.es\/web\/blog5\/wp-content\/uploads\/sites\/2\/2016\/01\/l.p-escuela.jpg\"><img loading=\"lazy\" class=\"aligncenter wp-image-530 size-medium\" src=\"https:\/\/cpgarciagaldeano.educacion.navarra.es\/web\/blog5\/wp-content\/uploads\/sites\/2\/2016\/01\/l.p-escuela-300x300.jpg\" alt=\"l.p escuela\" width=\"300\" height=\"300\" srcset=\"https:\/\/cpgarciagaldeano.educacion.navarra.es\/web\/blog5\/wp-content\/uploads\/sites\/2\/2016\/01\/l.p-escuela-300x300.jpg 300w, https:\/\/cpgarciagaldeano.educacion.navarra.es\/web\/blog5\/wp-content\/uploads\/sites\/2\/2016\/01\/l.p-escuela-150x150.jpg 150w, https:\/\/cpgarciagaldeano.educacion.navarra.es\/web\/blog5\/wp-content\/uploads\/sites\/2\/2016\/01\/l.p-escuela-768x768.jpg 768w, https:\/\/cpgarciagaldeano.educacion.navarra.es\/web\/blog5\/wp-content\/uploads\/sites\/2\/2016\/01\/l.p-escuela-1024x1024.jpg 1024w, https:\/\/cpgarciagaldeano.educacion.navarra.es\/web\/blog5\/wp-content\/uploads\/sites\/2\/2016\/01\/l.p-escuela.jpg 1200w\" sizes=\"(max-width: 300px) 100vw, 300px\" \/><\/a><\/p>\n<p><strong>S\u00e9ptima sesi\u00f3n\u00a0<\/strong><a href=\"https:\/\/drive.google.com\/file\/d\/0B4A235cc9YNqaTBmTXgwX3hNaXc\/view?usp=sharing\" target=\"_blank\">C3N_Furgoneta<\/a><\/p>\n<p><a href=\"https:\/\/cpgarciagaldeano.educacion.navarra.es\/web\/blog5\/wp-content\/uploads\/sites\/2\/2016\/01\/collage-C3N_Furgoneta.jpg\"><img loading=\"lazy\" class=\"aligncenter wp-image-517 size-full\" src=\"https:\/\/cpgarciagaldeano.educacion.navarra.es\/web\/blog5\/wp-content\/uploads\/sites\/2\/2016\/01\/collage-C3N_Furgoneta.jpg\" alt=\"collage C3N_Furgoneta\" width=\"1200\" height=\"1200\" srcset=\"https:\/\/cpgarciagaldeano.educacion.navarra.es\/web\/blog5\/wp-content\/uploads\/sites\/2\/2016\/01\/collage-C3N_Furgoneta.jpg 1200w, https:\/\/cpgarciagaldeano.educacion.navarra.es\/web\/blog5\/wp-content\/uploads\/sites\/2\/2016\/01\/collage-C3N_Furgoneta-150x150.jpg 150w, https:\/\/cpgarciagaldeano.educacion.navarra.es\/web\/blog5\/wp-content\/uploads\/sites\/2\/2016\/01\/collage-C3N_Furgoneta-300x300.jpg 300w, https:\/\/cpgarciagaldeano.educacion.navarra.es\/web\/blog5\/wp-content\/uploads\/sites\/2\/2016\/01\/collage-C3N_Furgoneta-768x768.jpg 768w, https:\/\/cpgarciagaldeano.educacion.navarra.es\/web\/blog5\/wp-content\/uploads\/sites\/2\/2016\/01\/collage-C3N_Furgoneta-1024x1024.jpg 1024w\" sizes=\"(max-width: 1200px) 100vw, 1200px\" \/><\/a><\/p>\n<p><strong>Sexta sesi\u00f3n\u00a0<\/strong><a href=\"https:\/\/drive.google.com\/file\/d\/0B4A235cc9YNqcDJ3Qi04bm0yMVE\/view?usp=sharing\" target=\"_blank\">C3E_Prehistoria<\/a><\/p>\n<p><a href=\"https:\/\/cpgarciagaldeano.educacion.navarra.es\/web\/blog5\/wp-content\/uploads\/sites\/2\/2016\/01\/collage-lec.jpg\"><img loading=\"lazy\" class=\"aligncenter wp-image-469 size-large\" src=\"https:\/\/cpgarciagaldeano.educacion.navarra.es\/web\/blog5\/wp-content\/uploads\/sites\/2\/2016\/01\/collage-lec-1024x594.jpg\" alt=\"collage lec\" width=\"584\" height=\"339\" srcset=\"https:\/\/cpgarciagaldeano.educacion.navarra.es\/web\/blog5\/wp-content\/uploads\/sites\/2\/2016\/01\/collage-lec-1024x594.jpg 1024w, https:\/\/cpgarciagaldeano.educacion.navarra.es\/web\/blog5\/wp-content\/uploads\/sites\/2\/2016\/01\/collage-lec-300x174.jpg 300w, https:\/\/cpgarciagaldeano.educacion.navarra.es\/web\/blog5\/wp-content\/uploads\/sites\/2\/2016\/01\/collage-lec-768x445.jpg 768w, https:\/\/cpgarciagaldeano.educacion.navarra.es\/web\/blog5\/wp-content\/uploads\/sites\/2\/2016\/01\/collage-lec-500x290.jpg 500w, https:\/\/cpgarciagaldeano.educacion.navarra.es\/web\/blog5\/wp-content\/uploads\/sites\/2\/2016\/01\/collage-lec.jpg 1200w\" sizes=\"(max-width: 584px) 100vw, 584px\" \/><\/a><\/p>\n<p><strong>Quinta sesi\u00f3n<\/strong>\u00a0<a href=\"https:\/\/cpgarciagaldeano.educacion.navarra.es\/web\/blog5\/wp-content\/uploads\/sites\/2\/2016\/01\/C3R_Anuncio_Correcci\u00f3n.docx\" target=\"_blank\" rel=\"\">C3R_Anuncio<\/a><\/p>\n<ul>\n<li><a href=\"https:\/\/drive.google.com\/folderview?id=0B4A235cc9YNqbnlVMnlrUGJDX0k&amp;usp=sharing\" target=\"_blank\">Fotos<\/a> de la sesi\u00f3n<\/li>\n<\/ul>\n<p><a href=\"https:\/\/cpgarciagaldeano.educacion.navarra.es\/web\/blog5\/wp-content\/uploads\/sites\/2\/2016\/01\/l.p-anuncio.jpg\"><img loading=\"lazy\" class=\"aligncenter wp-image-417 size-large\" src=\"https:\/\/cpgarciagaldeano.educacion.navarra.es\/web\/blog5\/wp-content\/uploads\/sites\/2\/2016\/01\/l.p-anuncio-1024x513.jpg\" alt=\"l.p anuncio\" width=\"584\" height=\"293\" srcset=\"https:\/\/cpgarciagaldeano.educacion.navarra.es\/web\/blog5\/wp-content\/uploads\/sites\/2\/2016\/01\/l.p-anuncio-1024x513.jpg 1024w, https:\/\/cpgarciagaldeano.educacion.navarra.es\/web\/blog5\/wp-content\/uploads\/sites\/2\/2016\/01\/l.p-anuncio-300x150.jpg 300w, https:\/\/cpgarciagaldeano.educacion.navarra.es\/web\/blog5\/wp-content\/uploads\/sites\/2\/2016\/01\/l.p-anuncio-768x385.jpg 768w, https:\/\/cpgarciagaldeano.educacion.navarra.es\/web\/blog5\/wp-content\/uploads\/sites\/2\/2016\/01\/l.p-anuncio-500x251.jpg 500w, https:\/\/cpgarciagaldeano.educacion.navarra.es\/web\/blog5\/wp-content\/uploads\/sites\/2\/2016\/01\/l.p-anuncio.jpg 1438w\" sizes=\"(max-width: 584px) 100vw, 584px\" \/><\/a><\/p>\n<p><strong>Cuarta Sesi\u00f3n<\/strong> \u00a0<a href=\"https:\/\/drive.google.com\/file\/d\/0B4A235cc9YNqbVA0dlhRRE9sWEE\/view?usp=sharing\" target=\"_blank\">C3I_Crear+<\/a><\/p>\n<p>Si quer\u00e9is ver los v\u00eddeos y\u00a0las fotos \u00a0de la sesi\u00f3n pinchar en los enlaces:<\/p>\n<ul>\n<li><a href=\"https:\/\/drive.google.com\/file\/d\/0B4A235cc9YNqWkxOV1ZLUFpsUjA\/view?usp=sharing\" target=\"_blank\">Video Jason-Jes\u00fas<\/a>\n<ul>\n<li><a href=\"https:\/\/drive.google.com\/file\/d\/0B4A235cc9YNqd3RQZWcxX3pXbFU\/view?usp=sharing\" target=\"_blank\">Foto<\/a><\/li>\n<\/ul>\n<\/li>\n<li><a href=\"https:\/\/drive.google.com\/file\/d\/0B4A235cc9YNqSEZuTFIzSkh5MzQ\/view?usp=sharing\" target=\"_blank\">Video Eneko-Souley<\/a>\n<ul>\n<li>\u00a0<a href=\"https:\/\/drive.google.com\/file\/d\/0B4A235cc9YNqM1M4Mk9FWERUVzA\/view?usp=sharing\" target=\"_blank\">Foto <\/a><\/li>\n<\/ul>\n<\/li>\n<li><a href=\"https:\/\/drive.google.com\/file\/d\/0B4A235cc9YNqc09RckxvMk94V0k\/view?usp=sharing\" target=\"_blank\">Video Nancy-Natalia<\/a>\n<ul>\n<li><a href=\"https:\/\/drive.google.com\/file\/d\/0B4A235cc9YNqUmVfdk9LWWx0YlU\/view?usp=sharing\" target=\"_blank\">Foto<\/a><\/li>\n<\/ul>\n<\/li>\n<li><a href=\"https:\/\/drive.google.com\/file\/d\/0B4A235cc9YNqVnd5bWJleU1YLWc\/view?usp=sharing\" target=\"_blank\">Video Fatou-Ainara<\/a>\n<ul>\n<li><a href=\"https:\/\/drive.google.com\/file\/d\/0B4A235cc9YNqaFg0akNmNXBsZ28\/view?usp=sharing\" target=\"_blank\">Foto<\/a><\/li>\n<\/ul>\n<\/li>\n<li><a href=\"https:\/\/drive.google.com\/file\/d\/0B4A235cc9YNqeGhiWkJ6YTVYQ0E\/view?usp=sharing\" target=\"_blank\">Video Genesis-Sara<\/a>\n<ul>\n<li>\u00a0<a href=\"https:\/\/drive.google.com\/file\/d\/0B4A235cc9YNqNVFDaXJXNVdPMVU\/view?usp=sharing\" target=\"_blank\">Foto<\/a><\/li>\n<\/ul>\n<\/li>\n<li><a href=\"https:\/\/drive.google.com\/file\/d\/0B4A235cc9YNqQ0FxWVNLV0FiNjA\/view?usp=sharing\" target=\"_blank\">Video Roxana-Yaiza<\/a>\n<ul>\n<li>\u00a0<a href=\"https:\/\/drive.google.com\/file\/d\/0B4A235cc9YNqaG82Mk96ZWdHUlE\/view?usp=sharing\" target=\"_blank\">Foto<\/a><\/li>\n<\/ul>\n<\/li>\n<\/ul>\n<p><strong>Tercera Sesi\u00f3n<\/strong> \u00a0<a href=\"https:\/\/cpgarciagaldeano.educacion.navarra.es\/web\/blog5\/wp-content\/uploads\/sites\/2\/2016\/01\/Invenci\u00f3n.doc\" target=\"_blank\" rel=\"\">C3E_Invencion<\/a><\/p>\n\n\t\t<style type=\"text\/css\">\n\t\t\t#gallery-1 {\n\t\t\t\tmargin: auto;\n\t\t\t}\n\t\t\t#gallery-1 .gallery-item {\n\t\t\t\tfloat: left;\n\t\t\t\tmargin-top: 10px;\n\t\t\t\ttext-align: center;\n\t\t\t\twidth: 33%;\n\t\t\t}\n\t\t\t#gallery-1 img {\n\t\t\t\tborder: 2px solid #cfcfcf;\n\t\t\t}\n\t\t\t#gallery-1 .gallery-caption {\n\t\t\t\tmargin-left: 0;\n\t\t\t}\n\t\t\t\/* see gallery_shortcode() in wp-includes\/media.php *\/\n\t\t<\/style>\n\t\t<div id='gallery-1' class='gallery galleryid-106 gallery-columns-3 gallery-size-thumbnail'><dl class='gallery-item'>\n\t\t\t<dt class='gallery-icon landscape'>\n\t\t\t\t<a href='https:\/\/cpgarciagaldeano.educacion.navarra.es\/web\/blog5\/lengua\/img_20160125_151915\/'><img width=\"150\" height=\"150\" src=\"https:\/\/cpgarciagaldeano.educacion.navarra.es\/web\/blog5\/wp-content\/uploads\/sites\/2\/2016\/01\/IMG_20160125_151915-150x150.jpg\" class=\"attachment-thumbnail size-thumbnail\" alt=\"\" loading=\"lazy\" \/><\/a>\n\t\t\t<\/dt><\/dl><dl class='gallery-item'>\n\t\t\t<dt class='gallery-icon landscape'>\n\t\t\t\t<a href='https:\/\/cpgarciagaldeano.educacion.navarra.es\/web\/blog5\/lengua\/img_20160125_151852\/'><img width=\"150\" height=\"150\" src=\"https:\/\/cpgarciagaldeano.educacion.navarra.es\/web\/blog5\/wp-content\/uploads\/sites\/2\/2016\/01\/IMG_20160125_151852-150x150.jpg\" class=\"attachment-thumbnail size-thumbnail\" alt=\"\" loading=\"lazy\" \/><\/a>\n\t\t\t<\/dt><\/dl><dl class='gallery-item'>\n\t\t\t<dt class='gallery-icon landscape'>\n\t\t\t\t<a href='https:\/\/cpgarciagaldeano.educacion.navarra.es\/web\/blog5\/lengua\/img_20160125_151858\/'><img width=\"150\" height=\"150\" src=\"https:\/\/cpgarciagaldeano.educacion.navarra.es\/web\/blog5\/wp-content\/uploads\/sites\/2\/2016\/01\/IMG_20160125_151858-150x150.jpg\" class=\"attachment-thumbnail size-thumbnail\" alt=\"\" loading=\"lazy\" \/><\/a>\n\t\t\t<\/dt><\/dl><br style=\"clear: both\" \/>\n\t\t<\/div>\n\n<p><strong>Segunda Sesi\u00f3n<\/strong> <a href=\"https:\/\/cpgarciagaldeano.educacion.navarra.es\/web\/blog5\/wp-content\/uploads\/sites\/2\/2016\/01\/C3N_MVecinoA-2015-16.doc\" target=\"_blank\" rel=\"\">C3N_MVecino<\/a><\/p>\n<p><a href=\"https:\/\/cpgarciagaldeano.educacion.navarra.es\/web\/blog5\/wp-content\/uploads\/sites\/2\/2016\/01\/IMG_20160127_103452.jpg\"><img loading=\"lazy\" class=\"aligncenter wp-image-192 size-medium\" src=\"https:\/\/cpgarciagaldeano.educacion.navarra.es\/web\/blog5\/wp-content\/uploads\/sites\/2\/2016\/01\/IMG_20160127_103452-300x169.jpg\" alt=\"IMG_20160127_103452\" width=\"300\" height=\"169\" srcset=\"https:\/\/cpgarciagaldeano.educacion.navarra.es\/web\/blog5\/wp-content\/uploads\/sites\/2\/2016\/01\/IMG_20160127_103452-300x169.jpg 300w, https:\/\/cpgarciagaldeano.educacion.navarra.es\/web\/blog5\/wp-content\/uploads\/sites\/2\/2016\/01\/IMG_20160127_103452-768x432.jpg 768w, https:\/\/cpgarciagaldeano.educacion.navarra.es\/web\/blog5\/wp-content\/uploads\/sites\/2\/2016\/01\/IMG_20160127_103452-1024x576.jpg 1024w, https:\/\/cpgarciagaldeano.educacion.navarra.es\/web\/blog5\/wp-content\/uploads\/sites\/2\/2016\/01\/IMG_20160127_103452-500x281.jpg 500w\" sizes=\"(max-width: 300px) 100vw, 300px\" \/><\/a><\/p>\n<p><strong>Primera Sesi\u00f3n<\/strong> \u00a0<a href=\"https:\/\/drive.google.com\/file\/d\/0B4A235cc9YNqZ2pSbFV1dlpQLTg\/view?usp=sharing\" target=\"_blank\">C3I_Experimento<img loading=\"lazy\" class=\"aligncenter wp-image-257 size-medium\" src=\"https:\/\/cpgarciagaldeano.educacion.navarra.es\/web\/blog5\/wp-content\/uploads\/sites\/2\/2016\/02\/IMG_20160201_151359-300x169.jpg\" alt=\"IMG_20160201_151359\" width=\"300\" height=\"169\" srcset=\"https:\/\/cpgarciagaldeano.educacion.navarra.es\/web\/blog5\/wp-content\/uploads\/sites\/2\/2016\/02\/IMG_20160201_151359-300x169.jpg 300w, https:\/\/cpgarciagaldeano.educacion.navarra.es\/web\/blog5\/wp-content\/uploads\/sites\/2\/2016\/02\/IMG_20160201_151359-768x432.jpg 768w, https:\/\/cpgarciagaldeano.educacion.navarra.es\/web\/blog5\/wp-content\/uploads\/sites\/2\/2016\/02\/IMG_20160201_151359-1024x576.jpg 1024w, https:\/\/cpgarciagaldeano.educacion.navarra.es\/web\/blog5\/wp-content\/uploads\/sites\/2\/2016\/02\/IMG_20160201_151359-500x281.jpg 500w\" sizes=\"(max-width: 300px) 100vw, 300px\" \/><\/a><\/p>\n","protected":false},"excerpt":{"rendered":"<p>CUESTIONARIO VALORACI\u00d3N TUTOR\u00cdA REC\u00cdPROCA ALUMNOS Pincha este enlace para contestar TEXTOS PREPARADOS POR LOS ALUMNOS\/AS C3N_F\u00e1bula C3E_Picasso C3A _Contaminar C3N _Hadas C3N_AupaMadrid D\u00e9cimo tercera\u00a0C3P_Besos &nbsp; V\u00eddeo de la sesi\u00f3n &nbsp; &nbsp; &nbsp; &nbsp; &nbsp; &nbsp; D\u00e9cimo segunda C3E_Shakira D\u00e9cimo primera &hellip; <a href=\"https:\/\/cpgarciagaldeano.educacion.navarra.es\/web\/blog5\/leer-en-parejas\/\">Sigue leyendo <span class=\"meta-nav\">&rarr;<\/span><\/a><\/p>\n","protected":false},"author":1,"featured_media":0,"parent":0,"menu_order":0,"comment_status":"closed","ping_status":"closed","template":"sidebar-page.php","meta":[],"_links":{"self":[{"href":"https:\/\/cpgarciagaldeano.educacion.navarra.es\/web\/blog5\/wp-json\/wp\/v2\/pages\/106"}],"collection":[{"href":"https:\/\/cpgarciagaldeano.educacion.navarra.es\/web\/blog5\/wp-json\/wp\/v2\/pages"}],"about":[{"href":"https:\/\/cpgarciagaldeano.educacion.navarra.es\/web\/blog5\/wp-json\/wp\/v2\/types\/page"}],"author":[{"embeddable":true,"href":"https:\/\/cpgarciagaldeano.educacion.navarra.es\/web\/blog5\/wp-json\/wp\/v2\/users\/1"}],"replies":[{"embeddable":true,"href":"https:\/\/cpgarciagaldeano.educacion.navarra.es\/web\/blog5\/wp-json\/wp\/v2\/comments?post=106"}],"version-history":[{"count":48,"href":"https:\/\/cpgarciagaldeano.educacion.navarra.es\/web\/blog5\/wp-json\/wp\/v2\/pages\/106\/revisions"}],"predecessor-version":[{"id":817,"href":"https:\/\/cpgarciagaldeano.educacion.navarra.es\/web\/blog5\/wp-json\/wp\/v2\/pages\/106\/revisions\/817"}],"wp:attachment":[{"href":"https:\/\/cpgarciagaldeano.educacion.navarra.es\/web\/blog5\/wp-json\/wp\/v2\/media?parent=106"}],"curies":[{"name":"wp","href":"https:\/\/api.w.org\/{rel}","templated":true}]}}