{"id":195,"date":"2016-02-15T17:26:57","date_gmt":"2016-02-15T17:26:57","guid":{"rendered":"http:\/\/cpgarciagaldeano.educacion.navarra.es\/web\/blog5\/?page_id=195"},"modified":"2016-05-31T20:32:13","modified_gmt":"2016-05-31T20:32:13","slug":"matematicas","status":"publish","type":"page","link":"https:\/\/cpgarciagaldeano.educacion.navarra.es\/web\/blog5\/matematicas\/","title":{"rendered":"MATEM\u00c1TICAS"},"content":{"rendered":"<p><strong>GEOMETR\u00cdA<\/strong><\/p>\n<p style=\"text-align: center\">FOTOGRAF\u00cdA GEOM\u00c9TRICA<\/p>\n<p><a href=\"https:\/\/cpgarciagaldeano.educacion.navarra.es\/web\/blog5\/wp-content\/uploads\/sites\/2\/2016\/02\/collagegeometr\u00eda.jpg\"><img loading=\"lazy\" class=\"wp-image-813 size-medium aligncenter\" src=\"https:\/\/cpgarciagaldeano.educacion.navarra.es\/web\/blog5\/wp-content\/uploads\/sites\/2\/2016\/02\/collagegeometr\u00eda-300x300.jpg\" alt=\"collagegeometr\u00eda\" width=\"300\" height=\"300\" srcset=\"https:\/\/cpgarciagaldeano.educacion.navarra.es\/web\/blog5\/wp-content\/uploads\/sites\/2\/2016\/02\/collagegeometr\u00eda-300x300.jpg 300w, https:\/\/cpgarciagaldeano.educacion.navarra.es\/web\/blog5\/wp-content\/uploads\/sites\/2\/2016\/02\/collagegeometr\u00eda-150x150.jpg 150w, https:\/\/cpgarciagaldeano.educacion.navarra.es\/web\/blog5\/wp-content\/uploads\/sites\/2\/2016\/02\/collagegeometr\u00eda-768x768.jpg 768w, https:\/\/cpgarciagaldeano.educacion.navarra.es\/web\/blog5\/wp-content\/uploads\/sites\/2\/2016\/02\/collagegeometr\u00eda-1024x1024.jpg 1024w, https:\/\/cpgarciagaldeano.educacion.navarra.es\/web\/blog5\/wp-content\/uploads\/sites\/2\/2016\/02\/collagegeometr\u00eda.jpg 1200w\" sizes=\"(max-width: 300px) 100vw, 300px\" \/><\/a><a href=\"https:\/\/cpgarciagaldeano.educacion.navarra.es\/web\/blog5\/wp-content\/uploads\/sites\/2\/2016\/02\/collagegeometrni\u00f1os.jpg\"><img loading=\"lazy\" class=\"wp-image-814 size-medium alignright\" src=\"https:\/\/cpgarciagaldeano.educacion.navarra.es\/web\/blog5\/wp-content\/uploads\/sites\/2\/2016\/02\/collagegeometrni\u00f1os-300x300.jpg\" alt=\"collagegeometrni\u00f1os\" width=\"300\" height=\"300\" srcset=\"https:\/\/cpgarciagaldeano.educacion.navarra.es\/web\/blog5\/wp-content\/uploads\/sites\/2\/2016\/02\/collagegeometrni\u00f1os-300x300.jpg 300w, https:\/\/cpgarciagaldeano.educacion.navarra.es\/web\/blog5\/wp-content\/uploads\/sites\/2\/2016\/02\/collagegeometrni\u00f1os-150x150.jpg 150w, https:\/\/cpgarciagaldeano.educacion.navarra.es\/web\/blog5\/wp-content\/uploads\/sites\/2\/2016\/02\/collagegeometrni\u00f1os-768x768.jpg 768w, https:\/\/cpgarciagaldeano.educacion.navarra.es\/web\/blog5\/wp-content\/uploads\/sites\/2\/2016\/02\/collagegeometrni\u00f1os-1024x1024.jpg 1024w, https:\/\/cpgarciagaldeano.educacion.navarra.es\/web\/blog5\/wp-content\/uploads\/sites\/2\/2016\/02\/collagegeometrni\u00f1os.jpg 1200w\" sizes=\"(max-width: 300px) 100vw, 300px\" \/><\/a><\/p>\n<ol>\n<li><a href=\"http:\/\/ntic.educacion.es\/w3\/recursos\/primaria\/matematicas\/superficie\/menu.html\">Ejercicios para comprender la geometr\u00eda<\/a><\/li>\n<li><a href=\"http:\/\/www.matematicasonline.es\/matesbasicas\/mates_basicas7.html\" target=\"_blank\">Geometr\u00eda<\/a><\/li>\n<\/ol>\n<p><img loading=\"lazy\" class=\"alignnone wp-image-756 size-medium\" src=\"https:\/\/cpgarciagaldeano.educacion.navarra.es\/web\/blog5\/wp-content\/uploads\/sites\/2\/2016\/02\/collageangulos-300x300.jpg\" alt=\"collageangulos\" width=\"300\" height=\"300\" srcset=\"https:\/\/cpgarciagaldeano.educacion.navarra.es\/web\/blog5\/wp-content\/uploads\/sites\/2\/2016\/02\/collageangulos-300x300.jpg 300w, https:\/\/cpgarciagaldeano.educacion.navarra.es\/web\/blog5\/wp-content\/uploads\/sites\/2\/2016\/02\/collageangulos-150x150.jpg 150w, https:\/\/cpgarciagaldeano.educacion.navarra.es\/web\/blog5\/wp-content\/uploads\/sites\/2\/2016\/02\/collageangulos-768x768.jpg 768w, https:\/\/cpgarciagaldeano.educacion.navarra.es\/web\/blog5\/wp-content\/uploads\/sites\/2\/2016\/02\/collageangulos-1024x1024.jpg 1024w, https:\/\/cpgarciagaldeano.educacion.navarra.es\/web\/blog5\/wp-content\/uploads\/sites\/2\/2016\/02\/collageangulos.jpg 1200w\" sizes=\"(max-width: 300px) 100vw, 300px\" \/><\/p>\n<p><strong>M\u00c1S ENLACES PARA NO OLVIDARSE DE LO APRENDIDO<\/strong><\/p>\n<ol>\n<li><a href=\"https:\/\/dl.dropboxusercontent.com\/u\/44162055\/manipulables\/problemas\/taller\/menuppal.html\">Ejercicios Interactivos<\/a><\/li>\n<li><a href=\"http:\/\/www.matematicasonline.es\/matesbasicas\/Mates-basicas.html\">Repasa lo que has aprendido<\/a><\/li>\n<\/ol>\n<p><strong>FRACTALES \u00a0y N\u00daMERO PI<\/strong><\/p>\n<p><img loading=\"lazy\" class=\"wp-image-461 size-large aligncenter\" src=\"https:\/\/cpgarciagaldeano.educacion.navarra.es\/web\/blog5\/wp-content\/uploads\/sites\/2\/2016\/02\/collage-PI-1024x1024.jpg\" alt=\"collage PI\" width=\"584\" height=\"584\" srcset=\"https:\/\/cpgarciagaldeano.educacion.navarra.es\/web\/blog5\/wp-content\/uploads\/sites\/2\/2016\/02\/collage-PI-1024x1024.jpg 1024w, https:\/\/cpgarciagaldeano.educacion.navarra.es\/web\/blog5\/wp-content\/uploads\/sites\/2\/2016\/02\/collage-PI-150x150.jpg 150w, https:\/\/cpgarciagaldeano.educacion.navarra.es\/web\/blog5\/wp-content\/uploads\/sites\/2\/2016\/02\/collage-PI-300x300.jpg 300w, https:\/\/cpgarciagaldeano.educacion.navarra.es\/web\/blog5\/wp-content\/uploads\/sites\/2\/2016\/02\/collage-PI-768x768.jpg 768w, https:\/\/cpgarciagaldeano.educacion.navarra.es\/web\/blog5\/wp-content\/uploads\/sites\/2\/2016\/02\/collage-PI.jpg 1200w\" sizes=\"(max-width: 584px) 100vw, 584px\" \/><\/p>\n<p>Enlaces relacionados<\/p>\n<ul>\n<li><a href=\"http:\/\/consejoescolar.educacion.navarra.es\/web1\/2016\/03\/15\/dia-del-numero-pi\/\" target=\"_blank\">Consejo Escolar. Celebraci\u00f3n del D\u00eda del N\u00famero Pi<\/a><\/li>\n<li><a href=\"http:\/\/www.noticiasdenavarra.com\/2016\/03\/14\/sociedad\/navarra\/evento-matematico-en-la-upna-por-el-dia-de-pi\" target=\"_blank\">Diario de Navarra<\/a><\/li>\n<li><a href=\"http:\/\/pamplonaactual.com\/23-centros-escolares-celebran-dia-pien-la-universidad-publica\/\" target=\"_blank\">Celebraci\u00f3n del \u00abD\u00eda Pi\u00bb<\/a><\/li>\n<li><a href=\"http:\/\/pamplonaactual.com\/955-escolares-navarros-participaran-en-el-proyecto-alfombra-de-sierpinski\/\" target=\"_blank\">proyecto \u201cAlfombra de Sierpinski\u201d<\/a><\/li>\n<li><a href=\"http:\/\/www.navarra.com\/articulo\/sociedad\/23-centros-escolares-celebran-dia-pi-construyendo-alfombra-sierpinski\/20160314144931030503.html\" target=\"_blank\">D\u00eda Pi<\/a><\/li>\n<\/ul>\n<p><strong>MEDIDAS DE CAPACIDAD, VOLUMEN Y MASA<\/strong><\/p>\n<ol>\n<li><a href=\"http:\/\/www.vedoque.com\/juegos\/juego.php?j=matematicas-10-volumen\" target=\"_blank\">Volumen y Masa<\/a><\/li>\n<li><a href=\"http:\/\/conteni2.educarex.es\/mats\/11372\/contenido\/index2.html\" target=\"_blank\">Longitud, volumen y masa<\/a><\/li>\n<li><a href=\"http:\/\/ntic.educacion.es\/w3\/recursos\/primaria\/matematicas\/volumen\/menu.html\" target=\"_blank\">Volumen y capacidad<\/a><\/li>\n<li><a href=\"http:\/\/wikisaber.es\/Contenidos\/LObjects\/volume\/index.html\" target=\"_blank\">Tridimensi\u00f3n<\/a><\/li>\n<li><a href=\"http:\/\/agrega.hezkuntza.net\/repositorio\/31052011\/ce\/es-eu_2011051533_1230508\/capacidad_volumen\/modulos\/es\/content_1_3.html\" target=\"_blank\">Capacidad y volumen. Nociones previas<\/a><\/li>\n<\/ol>\n<p><strong>MEDIDAS DE LONGITUD<\/strong><\/p>\n<ol>\n<li><a href=\"http:\/\/ntic.educacion.es\/w3\/\/recursos\/primaria\/matematicas\/longitud\/menu.html\" target=\"_blank\">La longitud<\/a><\/li>\n<li><a href=\"http:\/\/repositorio.educa.jccm.es\/portal\/odes\/matematicas\/la_longitud\/contenido\/ma015_oa01_es\/index.html\" target=\"_blank\">Medidas de longitud<\/a><\/li>\n<li><a href=\"http:\/\/repositorio.educa.jccm.es\/portal\/odes\/matematicas\/la_longitud\/contenido\/ma015_oa02_es\/index.html\" target=\"_blank\">De simple a compleja<\/a><\/li>\n<li><a href=\"https:\/\/repositorio.educa.jccm.es\/portal\/odes\/matematicas\/libro_web_41_equivalenciaUdsLong\/index.html\" target=\"_blank\">Cuadernalia<\/a><\/li>\n<li><a href=\"http:\/\/www.ceipjuanherreraalcausa.es\/Recursosdidacticos\/QUINTO\/datos\/03_Mates\/datos\/05_rdi\/ud08\/1\/01.htm\" target=\"_blank\">Ejercicios Anaya<\/a><\/li>\n<li><a href=\"http:\/\/repositorio.educa.jccm.es\/portal\/odes\/matematicas\/libro_web_42_operacionesUdsLongitud\/index.html\" target=\"_blank\">Operaciones con medidas de longitud<\/a><\/li>\n<\/ol>\n<p><strong>TALLER DE TIENDAS<\/strong><\/p>\n<div id=\"attachment_293\" style=\"width: 310px\" class=\"wp-caption aligncenter\"><a href=\"https:\/\/drive.google.com\/folderview?id=0B4A235cc9YNqSEZXSWFjblFiNFk&amp;usp=sharing\" target=\"_blank\"><img aria-describedby=\"caption-attachment-293\" loading=\"lazy\" class=\"wp-image-293 size-medium\" src=\"https:\/\/cpgarciagaldeano.educacion.navarra.es\/web\/blog5\/wp-content\/uploads\/sites\/2\/2016\/02\/IMG_20160222_123015-300x169.jpg\" alt=\"IMG_20160222_123015\" width=\"300\" height=\"169\" srcset=\"https:\/\/cpgarciagaldeano.educacion.navarra.es\/web\/blog5\/wp-content\/uploads\/sites\/2\/2016\/02\/IMG_20160222_123015-300x169.jpg 300w, https:\/\/cpgarciagaldeano.educacion.navarra.es\/web\/blog5\/wp-content\/uploads\/sites\/2\/2016\/02\/IMG_20160222_123015-768x432.jpg 768w, https:\/\/cpgarciagaldeano.educacion.navarra.es\/web\/blog5\/wp-content\/uploads\/sites\/2\/2016\/02\/IMG_20160222_123015-1024x576.jpg 1024w, https:\/\/cpgarciagaldeano.educacion.navarra.es\/web\/blog5\/wp-content\/uploads\/sites\/2\/2016\/02\/IMG_20160222_123015-500x281.jpg 500w\" sizes=\"(max-width: 300px) 100vw, 300px\" \/><\/a><p id=\"caption-attachment-293\" class=\"wp-caption-text\">Fotos Taller de Tiendas<\/p><\/div>\n<p><strong>DIVISI\u00d3N CON N\u00daMEROS DECIMALES<\/strong><\/p>\n<iframe width=\"584\" height=\"438\" src=\"https:\/\/www.youtube.com\/embed\/NexROwyxWMs?feature=oembed\" frameborder=\"0\" allowfullscreen><\/iframe>\n<p style=\"text-align: center\"><a href=\"http:\/\/--Object------------ &lt;object type=&quot;application\/x-shockwave-flash&quot; id=&quot;objlim&quot; data=&quot;http:\/\/cplosangeles.juntaextremadura.net\/web\/edilim\/tercer_ciclo\/matematicas6\/division_decimales_6\/lim.swf?libro=division_decimales_6.lim&quot; width=&quot;600&quot; height=&quot;500&quot; align=&quot;top&quot; &gt; &lt;param name=&quot;allowScriptAccess&quot; value=&quot;always&quot; \/&gt; &lt;param name=&quot;movie&quot; value=&quot;http:\/\/cplosangeles.juntaextremadura.net\/web\/edilim\/tercer_ciclo\/matematicas6\/division_decimales_6\/lim.swf?libro=division_decimales_6.lim&quot;\/&gt; &lt;param name=&quot;quality&quot; value=&quot;high&quot; \/&gt; &lt;param name=&quot;allowFullScreen&quot; value=&quot;true&quot; \/&gt; &lt;param name=&quot;FlashVars&quot; value=&quot;libro=division_decimales_6.lim&quot;\/&gt; &lt;\/object&gt; --Iframe------------ &lt;iframe src=&quot;http:\/\/cplosangeles.juntaextremadura.net\/web\/edilim\/tercer_ciclo\/matematicas6\/division_decimales_6\/lim.swf?libro=division_decimales_6.lim&quot; frameborder=&quot;0&quot; width=&quot;600&quot; height=&quot;500&quot; scrolling=&quot;auto&quot;&gt;&lt;\/iframe&gt; --Url--------------- http:\/\/cplosangeles.juntaextremadura.net\/web\/edilim\/tercer_ciclo\/matematicas6\/division_decimales_6\/lim.swf?libro=division_decimales_6.lim\" target=\"_blank\">DIVISIONES CON N\u00daMEROS DECIMALES<\/a><\/p>\n<p style=\"text-align: center\">\u00a0Practica la divisi\u00f3n<\/p>\n<p><strong>N\u00daMEROS \u00a0DECIMALES<\/strong><\/p>\n<ol>\n<li><a href=\"http:\/\/ntic.educacion.es\/w3\/eos\/MaterialesEducativos\/mem2008\/visualizador_decimales\/menu.html\" target=\"_blank\">Ponte a prueba<\/a><\/li>\n<\/ol>\n<p><strong>PORCENTAJES<\/strong><\/p>\n<ol>\n<li><a href=\"http:\/\/www.juntadeandalucia.es\/averroes\/centros-tic\/41009470\/helvia\/aula\/archivos\/repositorio\/0\/193\/html\/recursos\/la\/U11\/pages\/recursos\/143304_P156.html\" target=\"_blank\">Ponte a prueba<\/a><\/li>\n<li><a href=\"http:\/\/www.juntadeandalucia.es\/averroes\/centros-tic\/41009470\/helvia\/aula\/archivos\/repositorio\/0\/193\/html\/recursos\/la\/U11\/pages\/recursos\/143304_P157.html\" target=\"_blank\">Ponte a prueba<\/a><\/li>\n<\/ol>\n","protected":false},"excerpt":{"rendered":"<p>GEOMETR\u00cdA FOTOGRAF\u00cdA GEOM\u00c9TRICA Ejercicios para comprender la geometr\u00eda Geometr\u00eda M\u00c1S ENLACES PARA NO OLVIDARSE DE LO APRENDIDO Ejercicios Interactivos Repasa lo que has aprendido FRACTALES \u00a0y N\u00daMERO PI Enlaces relacionados Consejo Escolar. Celebraci\u00f3n del D\u00eda del N\u00famero Pi Diario de &hellip; <a href=\"https:\/\/cpgarciagaldeano.educacion.navarra.es\/web\/blog5\/matematicas\/\">Sigue leyendo <span class=\"meta-nav\">&rarr;<\/span><\/a><\/p>\n","protected":false},"author":2,"featured_media":0,"parent":0,"menu_order":0,"comment_status":"closed","ping_status":"closed","template":"sidebar-page.php","meta":[],"_links":{"self":[{"href":"https:\/\/cpgarciagaldeano.educacion.navarra.es\/web\/blog5\/wp-json\/wp\/v2\/pages\/195"}],"collection":[{"href":"https:\/\/cpgarciagaldeano.educacion.navarra.es\/web\/blog5\/wp-json\/wp\/v2\/pages"}],"about":[{"href":"https:\/\/cpgarciagaldeano.educacion.navarra.es\/web\/blog5\/wp-json\/wp\/v2\/types\/page"}],"author":[{"embeddable":true,"href":"https:\/\/cpgarciagaldeano.educacion.navarra.es\/web\/blog5\/wp-json\/wp\/v2\/users\/2"}],"replies":[{"embeddable":true,"href":"https:\/\/cpgarciagaldeano.educacion.navarra.es\/web\/blog5\/wp-json\/wp\/v2\/comments?post=195"}],"version-history":[{"count":46,"href":"https:\/\/cpgarciagaldeano.educacion.navarra.es\/web\/blog5\/wp-json\/wp\/v2\/pages\/195\/revisions"}],"predecessor-version":[{"id":755,"href":"https:\/\/cpgarciagaldeano.educacion.navarra.es\/web\/blog5\/wp-json\/wp\/v2\/pages\/195\/revisions\/755"}],"wp:attachment":[{"href":"https:\/\/cpgarciagaldeano.educacion.navarra.es\/web\/blog5\/wp-json\/wp\/v2\/media?parent=195"}],"curies":[{"name":"wp","href":"https:\/\/api.w.org\/{rel}","templated":true}]}}