{"id":2,"date":"2015-12-16T18:25:30","date_gmt":"2015-12-16T18:25:30","guid":{"rendered":"http:\/\/cpgarciagaldeano.educacion.navarra.es\/web\/blog5\/?page_id=2"},"modified":"2016-03-05T11:19:57","modified_gmt":"2016-03-05T11:19:57","slug":"ciencia","status":"publish","type":"page","link":"https:\/\/cpgarciagaldeano.educacion.navarra.es\/web\/blog5\/ciencia\/","title":{"rendered":"CIENCIA"},"content":{"rendered":"<h2 style=\"text-align: center\">Estimular el esp\u00edritu cient\u00edfico, la comprensi\u00f3n del mundo y las capacidades de indagaci\u00f3n y comunicaci\u00f3n<\/h2>\n<p>ETAPAS DEL M\u00c9TODO CIENT\u00cdFICO<\/p>\n<ul>\n<li>Observaci\u00f3n<\/li>\n<li>Pregunta<\/li>\n<li>Hip\u00f3tesis<\/li>\n<li>Experimentaci\u00f3n<\/li>\n<li>Conclusi\u00f3n<\/li>\n<\/ul>\n<p style=\"text-align: left\"><strong>ACTIVIDADES EN EL AULA<\/strong><\/p>\n<p style=\"text-align: left\">La C\u00e9lula<\/p>\n<blockquote>\n<p style=\"text-align: center\"><span style=\"font-size: 12pt\">\u00abObservaci\u00f3n de las c\u00e9lulas con el microscopio\u00bb<\/span><\/p>\n<p style=\"text-align: center\"><img loading=\"lazy\" class=\"aligncenter wp-image-381 size-full\" src=\"https:\/\/cpgarciagaldeano.educacion.navarra.es\/web\/blog5\/wp-content\/uploads\/sites\/2\/2015\/12\/c\u00e9lula.png\" alt=\"c\u00e9lula\" width=\"733\" height=\"232\" srcset=\"https:\/\/cpgarciagaldeano.educacion.navarra.es\/web\/blog5\/wp-content\/uploads\/sites\/2\/2015\/12\/c\u00e9lula.png 733w, https:\/\/cpgarciagaldeano.educacion.navarra.es\/web\/blog5\/wp-content\/uploads\/sites\/2\/2015\/12\/c\u00e9lula-300x95.png 300w, https:\/\/cpgarciagaldeano.educacion.navarra.es\/web\/blog5\/wp-content\/uploads\/sites\/2\/2015\/12\/c\u00e9lula-500x158.png 500w\" sizes=\"(max-width: 733px) 100vw, 733px\" \/><\/p>\n<\/blockquote>\n<p>La Tierra<\/p>\n<p style=\"text-align: center\"><span style=\"font-size: 12pt\">\u00abViaje al centro de la tierra\u00bb \u00a0Volc\u00e1n<\/span><\/p>\n<p style=\"text-align: center\"><img loading=\"lazy\" class=\"aligncenter wp-image-382 size-full\" src=\"https:\/\/cpgarciagaldeano.educacion.navarra.es\/web\/blog5\/wp-content\/uploads\/sites\/2\/2015\/12\/volcan.png\" alt=\"volcan\" width=\"577\" height=\"206\" srcset=\"https:\/\/cpgarciagaldeano.educacion.navarra.es\/web\/blog5\/wp-content\/uploads\/sites\/2\/2015\/12\/volcan.png 577w, https:\/\/cpgarciagaldeano.educacion.navarra.es\/web\/blog5\/wp-content\/uploads\/sites\/2\/2015\/12\/volcan-300x107.png 300w, https:\/\/cpgarciagaldeano.educacion.navarra.es\/web\/blog5\/wp-content\/uploads\/sites\/2\/2015\/12\/volcan-500x179.png 500w\" sizes=\"(max-width: 577px) 100vw, 577px\" \/><\/p>\n<p style=\"text-align: center\"><img loading=\"lazy\" class=\"aligncenter wp-image-383 size-full\" src=\"https:\/\/cpgarciagaldeano.educacion.navarra.es\/web\/blog5\/wp-content\/uploads\/sites\/2\/2015\/12\/volcan1.png\" alt=\"volcan1\" width=\"562\" height=\"423\" srcset=\"https:\/\/cpgarciagaldeano.educacion.navarra.es\/web\/blog5\/wp-content\/uploads\/sites\/2\/2015\/12\/volcan1.png 562w, https:\/\/cpgarciagaldeano.educacion.navarra.es\/web\/blog5\/wp-content\/uploads\/sites\/2\/2015\/12\/volcan1-300x226.png 300w, https:\/\/cpgarciagaldeano.educacion.navarra.es\/web\/blog5\/wp-content\/uploads\/sites\/2\/2015\/12\/volcan1-399x300.png 399w\" sizes=\"(max-width: 562px) 100vw, 562px\" \/><\/p>\n<p style=\"text-align: center\">CONFERENCIA CIENT\u00cdFICA<\/p>\n<p style=\"text-align: center\">A LOS ALUMNOS DE 4\u00ba de PRIMARIA<\/p>\n<p><img loading=\"lazy\" class=\"aligncenter wp-image-384 size-full\" src=\"https:\/\/cpgarciagaldeano.educacion.navarra.es\/web\/blog5\/wp-content\/uploads\/sites\/2\/2015\/12\/cuarto.png\" alt=\"cuarto\" width=\"563\" height=\"218\" srcset=\"https:\/\/cpgarciagaldeano.educacion.navarra.es\/web\/blog5\/wp-content\/uploads\/sites\/2\/2015\/12\/cuarto.png 563w, https:\/\/cpgarciagaldeano.educacion.navarra.es\/web\/blog5\/wp-content\/uploads\/sites\/2\/2015\/12\/cuarto-300x116.png 300w, https:\/\/cpgarciagaldeano.educacion.navarra.es\/web\/blog5\/wp-content\/uploads\/sites\/2\/2015\/12\/cuarto-500x194.png 500w\" sizes=\"(max-width: 563px) 100vw, 563px\" \/><\/p>\n<p><span style=\"font-size: 12pt\">Las Plantas<\/span><\/p>\n<blockquote><p><span style=\"font-size: 12pt\"> \u00abInvestigaci\u00f3n en el Parque del Mundo\u00bb<\/span><\/p>\n<p><img loading=\"lazy\" class=\"aligncenter wp-image-385 size-full\" src=\"https:\/\/cpgarciagaldeano.educacion.navarra.es\/web\/blog5\/wp-content\/uploads\/sites\/2\/2015\/12\/parque.png\" alt=\"parque\" width=\"565\" height=\"192\" srcset=\"https:\/\/cpgarciagaldeano.educacion.navarra.es\/web\/blog5\/wp-content\/uploads\/sites\/2\/2015\/12\/parque.png 565w, https:\/\/cpgarciagaldeano.educacion.navarra.es\/web\/blog5\/wp-content\/uploads\/sites\/2\/2015\/12\/parque-300x102.png 300w, https:\/\/cpgarciagaldeano.educacion.navarra.es\/web\/blog5\/wp-content\/uploads\/sites\/2\/2015\/12\/parque-500x170.png 500w\" sizes=\"(max-width: 565px) 100vw, 565px\" \/><\/p><\/blockquote>\n<p>Los Ecosistemas<\/p>\n<blockquote>\n<p style=\"text-align: center\">Maqueta de distintos ecosistemas<\/p>\n<\/blockquote>\n<p><img loading=\"lazy\" class=\"aligncenter wp-image-386 size-full\" src=\"https:\/\/cpgarciagaldeano.educacion.navarra.es\/web\/blog5\/wp-content\/uploads\/sites\/2\/2015\/12\/ecosistemas.png\" alt=\"ecosistemas\" width=\"775\" height=\"497\" srcset=\"https:\/\/cpgarciagaldeano.educacion.navarra.es\/web\/blog5\/wp-content\/uploads\/sites\/2\/2015\/12\/ecosistemas.png 775w, https:\/\/cpgarciagaldeano.educacion.navarra.es\/web\/blog5\/wp-content\/uploads\/sites\/2\/2015\/12\/ecosistemas-300x192.png 300w, https:\/\/cpgarciagaldeano.educacion.navarra.es\/web\/blog5\/wp-content\/uploads\/sites\/2\/2015\/12\/ecosistemas-768x493.png 768w, https:\/\/cpgarciagaldeano.educacion.navarra.es\/web\/blog5\/wp-content\/uploads\/sites\/2\/2015\/12\/ecosistemas-468x300.png 468w\" sizes=\"(max-width: 775px) 100vw, 775px\" \/><\/p>\n<blockquote>\n<p style=\"text-align: center\"><em><strong>Materia y energ\u00eda<\/strong><\/em><\/p>\n<p style=\"text-align: center\">EXPERIMENTO \u00abEl Huevo saltar\u00edn\u00bb<\/p>\n<div id=\"attachment_160\" style=\"width: 160px\" class=\"wp-caption aligncenter\"><a href=\"https:\/\/drive.google.com\/file\/d\/0B4A235cc9YNqU3pxQkFFcWFuZFk\/view?usp=sharing\"><img aria-describedby=\"caption-attachment-160\" loading=\"lazy\" class=\"wp-image-160 size-thumbnail\" src=\"https:\/\/cpgarciagaldeano.educacion.navarra.es\/web\/blog5\/wp-content\/uploads\/sites\/2\/2015\/12\/IMG_20160202_123802-150x150.jpg\" alt=\"IMG_20160202_123802\" width=\"150\" height=\"150\" \/><\/a><p id=\"caption-attachment-160\" class=\"wp-caption-text\">El Huevo Saltar\u00edn VIDEO<\/p><\/div><\/blockquote>\n<p><img loading=\"lazy\" class=\"aligncenter wp-image-379 size-full\" src=\"https:\/\/cpgarciagaldeano.educacion.navarra.es\/web\/blog5\/wp-content\/uploads\/sites\/2\/2015\/12\/huevoSaltarin.png\" alt=\"huevoSaltarin\" width=\"708\" height=\"467\" srcset=\"https:\/\/cpgarciagaldeano.educacion.navarra.es\/web\/blog5\/wp-content\/uploads\/sites\/2\/2015\/12\/huevoSaltarin.png 708w, https:\/\/cpgarciagaldeano.educacion.navarra.es\/web\/blog5\/wp-content\/uploads\/sites\/2\/2015\/12\/huevoSaltarin-300x198.png 300w, https:\/\/cpgarciagaldeano.educacion.navarra.es\/web\/blog5\/wp-content\/uploads\/sites\/2\/2015\/12\/huevoSaltarin-455x300.png 455w\" sizes=\"(max-width: 708px) 100vw, 708px\" \/><\/p>\n<p>&nbsp;<\/p>\n<blockquote>\n<p style=\"text-align: center\">Cocina Molecular, Sustancias, cambios, mezclas&#8230;<\/p>\n<p><img loading=\"lazy\" class=\"aligncenter wp-image-377 size-full\" src=\"https:\/\/cpgarciagaldeano.educacion.navarra.es\/web\/blog5\/wp-content\/uploads\/sites\/2\/2015\/12\/Tortilla.png\" alt=\"Tortilla\" width=\"650\" height=\"546\" srcset=\"https:\/\/cpgarciagaldeano.educacion.navarra.es\/web\/blog5\/wp-content\/uploads\/sites\/2\/2015\/12\/Tortilla.png 650w, https:\/\/cpgarciagaldeano.educacion.navarra.es\/web\/blog5\/wp-content\/uploads\/sites\/2\/2015\/12\/Tortilla-300x252.png 300w, https:\/\/cpgarciagaldeano.educacion.navarra.es\/web\/blog5\/wp-content\/uploads\/sites\/2\/2015\/12\/Tortilla-357x300.png 357w\" sizes=\"(max-width: 650px) 100vw, 650px\" \/><\/p>\n<p style=\"text-align: center\">Espumificaci\u00f3n<\/p>\n<p>&nbsp;<\/p>\n<p><img loading=\"lazy\" class=\"aligncenter wp-image-380 size-full\" src=\"https:\/\/cpgarciagaldeano.educacion.navarra.es\/web\/blog5\/wp-content\/uploads\/sites\/2\/2015\/12\/espumificaci\u00f3n.png\" alt=\"espumificaci\u00f3n\" width=\"625\" height=\"510\" srcset=\"https:\/\/cpgarciagaldeano.educacion.navarra.es\/web\/blog5\/wp-content\/uploads\/sites\/2\/2015\/12\/espumificaci\u00f3n.png 625w, https:\/\/cpgarciagaldeano.educacion.navarra.es\/web\/blog5\/wp-content\/uploads\/sites\/2\/2015\/12\/espumificaci\u00f3n-300x245.png 300w, https:\/\/cpgarciagaldeano.educacion.navarra.es\/web\/blog5\/wp-content\/uploads\/sites\/2\/2015\/12\/espumificaci\u00f3n-368x300.png 368w\" sizes=\"(max-width: 625px) 100vw, 625px\" \/><\/p><\/blockquote>\n","protected":false},"excerpt":{"rendered":"<p>Estimular el esp\u00edritu cient\u00edfico, la comprensi\u00f3n del mundo y las capacidades de indagaci\u00f3n y comunicaci\u00f3n ETAPAS DEL M\u00c9TODO CIENT\u00cdFICO Observaci\u00f3n Pregunta Hip\u00f3tesis Experimentaci\u00f3n Conclusi\u00f3n ACTIVIDADES EN EL AULA La C\u00e9lula \u00abObservaci\u00f3n de las c\u00e9lulas con el microscopio\u00bb La Tierra \u00abViaje &hellip; <a href=\"https:\/\/cpgarciagaldeano.educacion.navarra.es\/web\/blog5\/ciencia\/\">Sigue leyendo <span class=\"meta-nav\">&rarr;<\/span><\/a><\/p>\n","protected":false},"author":2,"featured_media":0,"parent":0,"menu_order":0,"comment_status":"closed","ping_status":"open","template":"sidebar-page.php","meta":[],"_links":{"self":[{"href":"https:\/\/cpgarciagaldeano.educacion.navarra.es\/web\/blog5\/wp-json\/wp\/v2\/pages\/2"}],"collection":[{"href":"https:\/\/cpgarciagaldeano.educacion.navarra.es\/web\/blog5\/wp-json\/wp\/v2\/pages"}],"about":[{"href":"https:\/\/cpgarciagaldeano.educacion.navarra.es\/web\/blog5\/wp-json\/wp\/v2\/types\/page"}],"author":[{"embeddable":true,"href":"https:\/\/cpgarciagaldeano.educacion.navarra.es\/web\/blog5\/wp-json\/wp\/v2\/users\/2"}],"replies":[{"embeddable":true,"href":"https:\/\/cpgarciagaldeano.educacion.navarra.es\/web\/blog5\/wp-json\/wp\/v2\/comments?post=2"}],"version-history":[{"count":20,"href":"https:\/\/cpgarciagaldeano.educacion.navarra.es\/web\/blog5\/wp-json\/wp\/v2\/pages\/2\/revisions"}],"predecessor-version":[{"id":388,"href":"https:\/\/cpgarciagaldeano.educacion.navarra.es\/web\/blog5\/wp-json\/wp\/v2\/pages\/2\/revisions\/388"}],"wp:attachment":[{"href":"https:\/\/cpgarciagaldeano.educacion.navarra.es\/web\/blog5\/wp-json\/wp\/v2\/media?parent=2"}],"curies":[{"name":"wp","href":"https:\/\/api.w.org\/{rel}","templated":true}]}}