{"id":357,"date":"2016-03-05T11:48:54","date_gmt":"2016-03-05T11:48:54","guid":{"rendered":"http:\/\/cpgarciagaldeano.educacion.navarra.es\/web\/blog5\/?page_id=357"},"modified":"2016-03-21T17:52:24","modified_gmt":"2016-03-21T17:52:24","slug":"historia","status":"publish","type":"page","link":"https:\/\/cpgarciagaldeano.educacion.navarra.es\/web\/blog5\/historia\/","title":{"rendered":"HISTORIA"},"content":{"rendered":"<p>Los historiadores han dividido el tiempo en diferentes \u00e9pocas para poder estudiarlo mejor.<\/p>\n<p><img loading=\"lazy\" class=\"aligncenter wp-image-390 size-large\" src=\"https:\/\/cpgarciagaldeano.educacion.navarra.es\/web\/blog5\/wp-content\/uploads\/sites\/2\/2016\/03\/l\u00ednea-t-1024x341.png\" alt=\"l\u00ednea t\" width=\"584\" height=\"194\" srcset=\"https:\/\/cpgarciagaldeano.educacion.navarra.es\/web\/blog5\/wp-content\/uploads\/sites\/2\/2016\/03\/l\u00ednea-t-1024x341.png 1024w, https:\/\/cpgarciagaldeano.educacion.navarra.es\/web\/blog5\/wp-content\/uploads\/sites\/2\/2016\/03\/l\u00ednea-t-300x100.png 300w, https:\/\/cpgarciagaldeano.educacion.navarra.es\/web\/blog5\/wp-content\/uploads\/sites\/2\/2016\/03\/l\u00ednea-t-768x256.png 768w, https:\/\/cpgarciagaldeano.educacion.navarra.es\/web\/blog5\/wp-content\/uploads\/sites\/2\/2016\/03\/l\u00ednea-t-500x167.png 500w, https:\/\/cpgarciagaldeano.educacion.navarra.es\/web\/blog5\/wp-content\/uploads\/sites\/2\/2016\/03\/l\u00ednea-t.png 1600w\" sizes=\"(max-width: 584px) 100vw, 584px\" \/><\/p>\n<p><strong>LOS PUEBLOS PRERROMANOS<\/strong><\/p>\n<p>Durante el 1\u00ba milenio a. C., antes de la llegada de los romanos a la Pen\u00ednsula Ib\u00e9rica, otros pueblos de diferente procedencia ocupaban este territorio:<\/p>\n<iframe width=\"584\" height=\"438\" src=\"https:\/\/www.youtube.com\/embed\/Pvmh760AhAA?feature=oembed\" frameborder=\"0\" allowfullscreen><\/iframe>\n<p>&nbsp;<\/p>\n<p><strong>Los celtas<\/strong>: Procedentes del centro de Europa, se instalaron en la zona norte y central de la Pen\u00ednsula.<\/p>\n<p style=\"text-align: justify\">Los pueblos celtas ocup<img loading=\"lazy\" class=\"alignleft wp-image-453 size-thumbnail\" src=\"https:\/\/cpgarciagaldeano.educacion.navarra.es\/web\/blog5\/wp-content\/uploads\/sites\/2\/2016\/03\/2BC-150x150.jpg\" alt=\"2BC\" width=\"150\" height=\"150\" \/>aron la Meseta y la costa atl\u00e1ntica de la Pen\u00ednsula. Viv\u00edan en castros, que eran poblados construidos en zonas elevadas, amurallados y con casas circulares distribuidas de manera desordenada. Los celtas se organizaban en tribus y la mayor\u00eda se dedicaba a la ganader\u00eda y a la agricultura. Fabricaban objetos de metal.<\/p>\n<p>&nbsp;<\/p>\n<p><strong>Los \u00edberos<\/strong>: Procedentes del norte de \u00c1frica, se instalaron en las zonas costeras del Mediterr\u00e1neo y Andaluc\u00eda.<\/p>\n<p style=\"text-align: justify\"><img loading=\"lazy\" class=\"alignleft wp-image-454 size-thumbnail\" src=\"https:\/\/cpgarciagaldeano.educacion.navarra.es\/web\/blog5\/wp-content\/uploads\/sites\/2\/2016\/03\/869-150x150.jpg\" alt=\"869\" width=\"150\" height=\"150\" \/>Los pueblos iberos habitaban en el este y en el sur de la Pen\u00ednsula. Viv\u00edan en poblados amurallados construidos en zonas elevadas. Las casas eran rectangulares y se distribu\u00edan formando calles. Los iberos se organizaban en tribus; y muchas de estas tribus estaban gobernadas por un rey. La mayor\u00eda de la poblaci\u00f3n se dedicaba a la agricultura y la ganader\u00eda. Tambi\u00e9n hab\u00eda comerciantes y expertos artesanos. Fabricaban espadas de hierro, recipientes de cer\u00e1mica y tejidos de lana y lino. Comerciaban con los fenicios y griegos; y utilizaban su propia moneda en los intercambios.<\/p>\n<p style=\"text-align: justify\"><strong>Fenicios y griegos<\/strong>: Pueblos comerciantes e interesados por los abundantes metales de la Pen\u00ednsula, desarrollaron un importante comercio con los pueblos que la habitaban y fundaron varias ciudades en las costas mediterr\u00e1neas. Estos pueblos, m\u00e1s cultos que los peninsulares, influyeron mucho en la cultura de los pueblos con los que comerciaron.<\/p>\n<p style=\"text-align: justify\"><img loading=\"lazy\" class=\"alignleft wp-image-455 size-thumbnail\" src=\"https:\/\/cpgarciagaldeano.educacion.navarra.es\/web\/blog5\/wp-content\/uploads\/sites\/2\/2016\/03\/475-150x150.jpg\" alt=\"475\" width=\"150\" height=\"150\" \/>Los fenicios llegaron a la Pen\u00ednsula sobre el siglo VII a.C. atra\u00eddos por su riqueza en minerales, como el oro y la plata. Proced\u00edan de Asia y se asentaron en la costa andaluza, donde fundaron colonias como Cadir (C\u00e1diz) o Malaka (M\u00e1laga) desde donde comerciaban con los iberos.<\/p>\n<p style=\"text-align: justify\">Los griegos llegaron hacia el siglo VI a. C., proced\u00edan de Grecia y se establecieron en la costa mediterr\u00e1nea para comerciar con los metales, la sal y el esparto de la Pen\u00ednsula. Fundaron colonias como Rhode (Rosas), Emporion (Ampurias), Sagunto y Denia.<\/p>\n<p><strong>Enlaces interesantes<\/strong><\/p>\n<p><a href=\"http:\/\/www.educa.jcyl.es\/educacyl\/cm\/gallery\/recursos_educaline\/celtiberia\/general_primaria\/index.html\" target=\"_blank\">Territorio iberkeltia<\/a><\/p>\n<p><strong>ESQUEMA<\/strong><\/p>\n<p><img loading=\"lazy\" class=\"aligncenter wp-image-457 size-medium\" src=\"https:\/\/cpgarciagaldeano.educacion.navarra.es\/web\/blog5\/wp-content\/uploads\/sites\/2\/2016\/03\/Imagen1-222x300.jpg\" alt=\"Imagen1\" width=\"222\" height=\"300\" srcset=\"https:\/\/cpgarciagaldeano.educacion.navarra.es\/web\/blog5\/wp-content\/uploads\/sites\/2\/2016\/03\/Imagen1-222x300.jpg 222w, https:\/\/cpgarciagaldeano.educacion.navarra.es\/web\/blog5\/wp-content\/uploads\/sites\/2\/2016\/03\/Imagen1.jpg 440w\" sizes=\"(max-width: 222px) 100vw, 222px\" \/><\/p>\n<p><strong>LA PREHISTORIA<\/strong><\/p>\n<p>La Prehistoria es la edad m\u00e1s antigua. Empieza hace 5 millones de a\u00f1os.<\/p>\n<ul>\n<li>Para estudiar la prehistoria no tenemos ning\u00fan documento escrito.<\/li>\n<li>Para estudiar la historia s\u00ed tenemos documentos escritos.<\/li>\n<li>Estudiamos la prehistoria a trav\u00e9s de: F\u00f3siles humanos Restos arqueol\u00f3gicos: Utensilios, armas, pinturas, etc.<\/li>\n<li>La especie humana tuvo su origen en \u00c1frica hace alrededor de 5 millones de a\u00f1os.<\/li>\n<li>El Homo sapiens (nosotros) habitamos la Tierra desde hace 150.000 a\u00f1os.<\/li>\n<\/ul>\n<p><iframe loading=\"lazy\" width=\"584\" height=\"329\" src=\"https:\/\/www.youtube.com\/embed\/cJyuz5PAzJ0?feature=oembed\" frameborder=\"0\" allowfullscreen><\/iframe><\/p>\n<p style=\"text-align: center\"><strong>La Prehistoria se divide en tres per\u00edodos:<\/strong><\/p>\n<ul>\n<li style=\"text-align: left\">Paleol\u00edtico<\/li>\n<li style=\"text-align: left\">Neol\u00edtico<\/li>\n<li style=\"text-align: left\">Edad de los metales<\/li>\n<\/ul>\n<p>Enlaces de inter\u00e9s:<\/p>\n<ol>\n<li><a href=\"http:\/\/www.cajondepupitre.es\/Documentos\/sm\/conts%201eso\/prehistoria\/ift.swf\" target=\"_blank\">La prehistoria en el tiempo<\/a><\/li>\n<li>Mapa conceptual\u00a0<a href=\"https:\/\/cpgarciagaldeano.educacion.navarra.es\/web\/blog5\/wp-content\/uploads\/sites\/2\/2016\/03\/La-prehistoria.pdf\" rel=\"\">La prehistoria<\/a><\/li>\n<\/ol>\n<p><span style=\"text-decoration: underline;color: #ff6600\"><strong>Paleol\u00edtico<\/strong><\/span><\/p>\n<p>\u2022 El hombre era cazador, pescador, recolector.<\/p>\n<p>\u2022 Eran n\u00f3madas.<\/p>\n<p>\u2022 Viv\u00edan en cuevas y caba\u00f1as.<\/p>\n<p>\u2022 Utilizaban el fuego para cocinar y calentarse.<\/p>\n<p>\u2022 Usaban pieles de animales para vestirse<\/p>\n<p>\u2022 Utilizaban herramientas de piedra, madera y huesos.<\/p>\n<p>\u2022 Se organizaban en clanes.<\/p>\n<p>\u2022 Eran muy pocos.<\/p>\n<p><span style=\"text-decoration: underline;color: #ff6600\"><strong>Neol\u00edtico <\/strong><\/span><\/p>\n<p>\u2022 Aparece la agricultura y la ganader\u00eda.<\/p>\n<p>\u2022 Se convierte en sedentario<\/p>\n<p>\u2022 Se construyen los primeros poblados.<\/p>\n<p>\u2022 La poblaci\u00f3n aumenta.<\/p>\n<p>\u2022 Se organizaran en tribus.<\/p>\n<p>\u2022 Aparecen la alfarer\u00eda y los tejidos.<\/p>\n<p>\u2022 Inventan la rueda, el arado, el telar.<\/p>\n<p>\u2022 Usan la vela para navegar.<\/p>\n<p><span style=\"text-decoration: underline;color: #ff6600\"><strong>\u00a0Edad de los metales<\/strong><\/span><\/p>\n<p>\u2022 Utilizan metales para fabricar armas, herramientas y adornos.<\/p>\n<p>\u2022 Usaron los siguientes metales: Cobre Bronce Hierro<\/p>\n<p>\u2022 Los poblados se convierten en peque\u00f1as ciudades que dirige un jefe.<\/p>\n<p><span style=\"color: #ff6600\"><strong>LA PINTURA RUPESTRE<\/strong><\/span><\/p>\n<p>\u2022 Algunos hombres prehist\u00f3ricos pintaban animales y escenas de caza en las paredes de las cuevas.<\/p>\n<p><span style=\"color: #ff6600\"><strong>CONSTRUCCIONES MEGAL\u00cdTICAS<\/strong><\/span><\/p>\n<p>\u2022 Megal\u00edtica significa \u201cgrande\u201d y de \u201cpiedra\u201d<\/p>\n<p>\u2022 Aparecen a finales del Neol\u00edtico y durante la Edad de los Metales.<\/p>\n<p>\u2022 Hay varios tipos: Menhir Dolmen Cromlech<\/p>\n<p><strong><span style=\"color: #ff6600\">A JUGAR<\/span><\/strong><\/p>\n<div id=\"attachment_361\" style=\"width: 594px\" class=\"wp-caption aligncenter\"><a href=\"http:\/\/www.educa.jcyl.es\/educacyl\/cm\/gallery\/Recursos%20Infinity\/juegos_jcyl\/pasatiempos_prehistoria\/index_subhome1.htm\"><img aria-describedby=\"caption-attachment-361\" loading=\"lazy\" class=\"wp-image-361 size-large\" src=\"https:\/\/cpgarciagaldeano.educacion.navarra.es\/web\/blog5\/wp-content\/uploads\/sites\/2\/2016\/03\/JuegoPrehistoria-1024x540.jpg\" alt=\"JuegoPrehistoria\" width=\"584\" height=\"308\" srcset=\"https:\/\/cpgarciagaldeano.educacion.navarra.es\/web\/blog5\/wp-content\/uploads\/sites\/2\/2016\/03\/JuegoPrehistoria-1024x540.jpg 1024w, https:\/\/cpgarciagaldeano.educacion.navarra.es\/web\/blog5\/wp-content\/uploads\/sites\/2\/2016\/03\/JuegoPrehistoria-300x158.jpg 300w, https:\/\/cpgarciagaldeano.educacion.navarra.es\/web\/blog5\/wp-content\/uploads\/sites\/2\/2016\/03\/JuegoPrehistoria-768x405.jpg 768w, https:\/\/cpgarciagaldeano.educacion.navarra.es\/web\/blog5\/wp-content\/uploads\/sites\/2\/2016\/03\/JuegoPrehistoria-500x263.jpg 500w, https:\/\/cpgarciagaldeano.educacion.navarra.es\/web\/blog5\/wp-content\/uploads\/sites\/2\/2016\/03\/JuegoPrehistoria.jpg 1302w\" sizes=\"(max-width: 584px) 100vw, 584px\" \/><\/a><p id=\"caption-attachment-361\" class=\"wp-caption-text\">Haz clic en la imagen si quieres jugar<\/p><\/div>\n","protected":false},"excerpt":{"rendered":"<p>Los historiadores han dividido el tiempo en diferentes \u00e9pocas para poder estudiarlo mejor. LOS PUEBLOS PRERROMANOS Durante el 1\u00ba milenio a. C., antes de la llegada de los romanos a la Pen\u00ednsula Ib\u00e9rica, otros pueblos de diferente procedencia ocupaban este &hellip; <a href=\"https:\/\/cpgarciagaldeano.educacion.navarra.es\/web\/blog5\/historia\/\">Sigue leyendo <span class=\"meta-nav\">&rarr;<\/span><\/a><\/p>\n","protected":false},"author":2,"featured_media":0,"parent":0,"menu_order":0,"comment_status":"closed","ping_status":"closed","template":"","meta":[],"_links":{"self":[{"href":"https:\/\/cpgarciagaldeano.educacion.navarra.es\/web\/blog5\/wp-json\/wp\/v2\/pages\/357"}],"collection":[{"href":"https:\/\/cpgarciagaldeano.educacion.navarra.es\/web\/blog5\/wp-json\/wp\/v2\/pages"}],"about":[{"href":"https:\/\/cpgarciagaldeano.educacion.navarra.es\/web\/blog5\/wp-json\/wp\/v2\/types\/page"}],"author":[{"embeddable":true,"href":"https:\/\/cpgarciagaldeano.educacion.navarra.es\/web\/blog5\/wp-json\/wp\/v2\/users\/2"}],"replies":[{"embeddable":true,"href":"https:\/\/cpgarciagaldeano.educacion.navarra.es\/web\/blog5\/wp-json\/wp\/v2\/comments?post=357"}],"version-history":[{"count":40,"href":"https:\/\/cpgarciagaldeano.educacion.navarra.es\/web\/blog5\/wp-json\/wp\/v2\/pages\/357\/revisions"}],"predecessor-version":[{"id":501,"href":"https:\/\/cpgarciagaldeano.educacion.navarra.es\/web\/blog5\/wp-json\/wp\/v2\/pages\/357\/revisions\/501"}],"wp:attachment":[{"href":"https:\/\/cpgarciagaldeano.educacion.navarra.es\/web\/blog5\/wp-json\/wp\/v2\/media?parent=357"}],"curies":[{"name":"wp","href":"https:\/\/api.w.org\/{rel}","templated":true}]}}