{"id":66,"date":"2016-01-25T10:27:02","date_gmt":"2016-01-25T10:27:02","guid":{"rendered":"http:\/\/cpgarciagaldeano.educacion.navarra.es\/web\/blog5\/?page_id=66"},"modified":"2016-05-31T19:30:39","modified_gmt":"2016-05-31T19:30:39","slug":"lengua","status":"publish","type":"page","link":"https:\/\/cpgarciagaldeano.educacion.navarra.es\/web\/blog5\/lengua\/","title":{"rendered":"LENGUA"},"content":{"rendered":"<p style=\"text-align: justify\">El objetivo es que los alumnos adquieran las habilidades comunicativas que son indispensables para desenvolverse en el mundo y para integrarse en una sociedad de manera activa e informada.<\/p>\n<p style=\"text-align: justify\"><span style=\"text-decoration: underline\"><strong>Periodismo: art\u00edculos deportivos<\/strong><\/span><\/p>\n<p style=\"text-align: justify\"><b>Periodismo deportivo<\/b> es la forma del periodismo que informa sobre temas relacionados con el deporte y los cert\u00e1menes deportivos del inter\u00e9s de la opini\u00f3n p\u00fablica regional, nacional o internacional. Mientras en muchos medios de comunicaci\u00f3n los periodistas dedicados al reportaje deportivo son llamados los <i>profesionales del juego<\/i>, en realidad esta \u00e1rea ha crecido en importancia a medida que el deporte mismo se ha convertido en un poder econ\u00f3mico e influyente.<\/p>\n<p style=\"text-align: center\">RETRANSMISIONES DEPORTIVAS<\/p>\n<p style=\"text-align: justify\"><iframe width=\"584\" height=\"329\" src=\"https:\/\/www.youtube.com\/embed\/Id7dBZF2mwI?feature=oembed\" frameborder=\"0\" allowfullscreen><\/iframe><\/p>\n<p style=\"text-align: justify\"><span style=\"text-decoration: underline\"><strong>La carta<\/strong><\/span><\/p>\n<p>Una <b>carta<\/b> es un medio de comunicaci\u00f3n escrito por un emisor (remitente) y enviado a un receptor (d<a href=\"https:\/\/cpgarciagaldeano.educacion.navarra.es\/web\/blog5\/wp-content\/uploads\/sites\/2\/2016\/01\/Calzadas-cartas1.jpg\"><img loading=\"lazy\" class=\"wp-image-714 size-thumbnail alignleft\" src=\"https:\/\/cpgarciagaldeano.educacion.navarra.es\/web\/blog5\/wp-content\/uploads\/sites\/2\/2016\/01\/Calzadas-cartas1-150x150.jpg\" alt=\"Calzadas cartas1\" width=\"150\" height=\"150\" \/><\/a>estinatario).<\/p>\n<p>Normalmente, el nombre y la direcci\u00f3n del destinatario aparecen en el frente del sobre, el nombre y la direcci\u00f3n del remitente aparecen en el reverso del mismo (en el caso de sobres manuscritos) o en el anverso (en los sobres preimpresos).<\/p>\n<p>Existen cartas con remitente, en las que no est<a href=\"https:\/\/cpgarciagaldeano.educacion.navarra.es\/web\/blog5\/wp-content\/uploads\/sites\/2\/2016\/01\/Marchas-cartas.jpg\"><img loading=\"lazy\" class=\"wp-image-716 size-thumbnail alignright\" src=\"https:\/\/cpgarciagaldeano.educacion.navarra.es\/web\/blog5\/wp-content\/uploads\/sites\/2\/2016\/01\/Campamento-carta-150x150.jpg\" alt=\"Campamento carta\" width=\"150\" height=\"150\" \/><\/a>\u00e1 lista o anotada la direcci\u00f3n de quien env\u00eda la carta, bien por olvido o por omisi\u00f3n consciente del remitente.<\/p>\n<p>La carta puede ser un texto diferente para cada ocasi\u00f3n, ya que el mensaje es siempre distinto. En ese sentido, s\u00f3lo en parte puede considerarse texto plenamente expositivo.<\/p>\n<p><a href=\"https:\/\/cpgarciagaldeano.educacion.navarra.es\/web\/blog5\/wp-content\/uploads\/sites\/2\/2016\/01\/Calzadas-cartas.jpg\"><img loading=\"lazy\" class=\"wp-image-713 size-thumbnail alignnone\" src=\"https:\/\/cpgarciagaldeano.educacion.navarra.es\/web\/blog5\/wp-content\/uploads\/sites\/2\/2016\/01\/Calzadas-cartas-150x150.jpg\" alt=\"Calzadas cartas\" width=\"150\" height=\"150\" \/><\/a><a href=\"https:\/\/cpgarciagaldeano.educacion.navarra.es\/web\/blog5\/wp-content\/uploads\/sites\/2\/2016\/01\/Marchas-cartas.jpg\"><img loading=\"lazy\" class=\"wp-image-720 size-thumbnail alignright\" src=\"https:\/\/cpgarciagaldeano.educacion.navarra.es\/web\/blog5\/wp-content\/uploads\/sites\/2\/2016\/01\/Marchas-cartas-150x150.jpg\" alt=\"Marchas cartas\" width=\"150\" height=\"150\" \/><\/a><a href=\"https:\/\/cpgarciagaldeano.educacion.navarra.es\/web\/blog5\/wp-content\/uploads\/sites\/2\/2016\/01\/Calzadas-marchas-cartas1.jpg\"><img loading=\"lazy\" class=\"aligncenter wp-image-719 size-medium\" src=\"https:\/\/cpgarciagaldeano.educacion.navarra.es\/web\/blog5\/wp-content\/uploads\/sites\/2\/2016\/01\/El-entrenamiento-cartas-300x230.jpg\" alt=\"El entrenamiento cartas\" width=\"300\" height=\"230\" srcset=\"https:\/\/cpgarciagaldeano.educacion.navarra.es\/web\/blog5\/wp-content\/uploads\/sites\/2\/2016\/01\/El-entrenamiento-cartas-300x230.jpg 300w, https:\/\/cpgarciagaldeano.educacion.navarra.es\/web\/blog5\/wp-content\/uploads\/sites\/2\/2016\/01\/El-entrenamiento-cartas-768x588.jpg 768w, https:\/\/cpgarciagaldeano.educacion.navarra.es\/web\/blog5\/wp-content\/uploads\/sites\/2\/2016\/01\/El-entrenamiento-cartas-1024x784.jpg 1024w, https:\/\/cpgarciagaldeano.educacion.navarra.es\/web\/blog5\/wp-content\/uploads\/sites\/2\/2016\/01\/El-entrenamiento-cartas-392x300.jpg 392w, https:\/\/cpgarciagaldeano.educacion.navarra.es\/web\/blog5\/wp-content\/uploads\/sites\/2\/2016\/01\/El-entrenamiento-cartas.jpg 1311w\" sizes=\"(max-width: 300px) 100vw, 300px\" \/><\/a><\/p>\n<h1 style=\"text-align: justify\"><\/h1>\n<h1 style=\"text-align: justify\"><span style=\"text-decoration: underline\">La Canci\u00f3n<\/span><\/h1>\n<p style=\"text-align: justify\">Una canci\u00f3n es una composici\u00f3n musical para la voz humana, con letra, y com\u00fanmente acompa\u00f1ada por otros instrumentos musicales.<\/p>\n<p style=\"text-align: justify\">Normalmente es interpretada por un \u00fanico vocalista, pero tambi\u00e9n puede ser cantada por un dueto, tr\u00edo o m\u00e1s voces. La letra de las canciones es habitualmente de naturaleza po\u00e9tica y con rima, aunque pueden ser vers\u00edculos religiosos o prosa libre. Existen diversos tipos de canciones\u00a0que se pueden clasificar seg\u00fan distintos criterios. Una divisi\u00f3n t\u00edpica es entre canto l\u00edrico, canci\u00f3n folcl\u00f3rica y canci\u00f3n popular.<\/p>\n<p style=\"text-align: justify\">Enlace a la entrada\u00a0<a href=\"https:\/\/cpgarciagaldeano.educacion.navarra.es\/web\/blog5\/2016\/04\/20\/videos\/\">VIDEOCLIPS<\/a><\/p>\n<h1 style=\"text-align: justify\"><span style=\"text-decoration: underline\">Cuentos Personalizados<\/span><\/h1>\n<p><span style=\"text-decoration: underline\">La entrevista<\/span><\/p>\n<p>La entrevista es un texto period\u00edstico en el que se dan a conocer las ideas y opiniones de un personaje mediante un di\u00e1logo entre la persona entrevistada y el entrevistador.<\/p>\n<p><a href=\"https:\/\/cpgarciagaldeano.educacion.navarra.es\/web\/blog5\/wp-content\/uploads\/sites\/2\/2016\/01\/entrevista.jpg\"><img loading=\"lazy\" class=\"aligncenter wp-image-576 size-medium\" src=\"https:\/\/cpgarciagaldeano.educacion.navarra.es\/web\/blog5\/wp-content\/uploads\/sites\/2\/2016\/01\/entrevista-300x300.jpg\" alt=\"entrevista\" width=\"300\" height=\"300\" srcset=\"https:\/\/cpgarciagaldeano.educacion.navarra.es\/web\/blog5\/wp-content\/uploads\/sites\/2\/2016\/01\/entrevista-300x300.jpg 300w, https:\/\/cpgarciagaldeano.educacion.navarra.es\/web\/blog5\/wp-content\/uploads\/sites\/2\/2016\/01\/entrevista-150x150.jpg 150w, https:\/\/cpgarciagaldeano.educacion.navarra.es\/web\/blog5\/wp-content\/uploads\/sites\/2\/2016\/01\/entrevista-768x768.jpg 768w, https:\/\/cpgarciagaldeano.educacion.navarra.es\/web\/blog5\/wp-content\/uploads\/sites\/2\/2016\/01\/entrevista-1024x1024.jpg 1024w, https:\/\/cpgarciagaldeano.educacion.navarra.es\/web\/blog5\/wp-content\/uploads\/sites\/2\/2016\/01\/entrevista.jpg 1200w\" sizes=\"(max-width: 300px) 100vw, 300px\" \/><\/a><\/p>\n<p><span style=\"text-decoration: underline\">Cuento<\/span><\/p>\n<p>Un cuento presenta un grupo reducido de personajes y un argumento no demasiado complejo, ya que entre sus caracter\u00edsticas aparece la econom\u00eda de recursos narrativos.<\/p>\n<p style=\"text-align: center\"><strong><a href=\"https:\/\/cpgarciagaldeano.educacion.navarra.es\/web\/blog5\/wp-content\/uploads\/sites\/2\/2016\/04\/cuentos-personalizados.pdf\">cuentos personalizados<\/a><\/strong><\/p>\n<p><img loading=\"lazy\" class=\"wp-image-569 size-medium aligncenter\" src=\"https:\/\/cpgarciagaldeano.educacion.navarra.es\/web\/blog5\/wp-content\/uploads\/sites\/2\/2016\/04\/DSCF7536-300x225.jpg\" alt=\"DSCF7536\" width=\"300\" height=\"225\" srcset=\"https:\/\/cpgarciagaldeano.educacion.navarra.es\/web\/blog5\/wp-content\/uploads\/sites\/2\/2016\/04\/DSCF7536-300x225.jpg 300w, https:\/\/cpgarciagaldeano.educacion.navarra.es\/web\/blog5\/wp-content\/uploads\/sites\/2\/2016\/04\/DSCF7536-768x576.jpg 768w, https:\/\/cpgarciagaldeano.educacion.navarra.es\/web\/blog5\/wp-content\/uploads\/sites\/2\/2016\/04\/DSCF7536-1024x768.jpg 1024w, https:\/\/cpgarciagaldeano.educacion.navarra.es\/web\/blog5\/wp-content\/uploads\/sites\/2\/2016\/04\/DSCF7536-400x300.jpg 400w, https:\/\/cpgarciagaldeano.educacion.navarra.es\/web\/blog5\/wp-content\/uploads\/sites\/2\/2016\/04\/DSCF7536.jpg 2048w\" sizes=\"(max-width: 300px) 100vw, 300px\" \/><\/p>\n<h2 style=\"text-align: justify\"><span style=\"text-decoration: underline\"><strong>Leyendas<\/strong><\/span><\/h2>\n<p>Las leyendas son relatos que nos presentan unos sucesos como hechos hist\u00f3ricos, pero que tienen m\u00e1s de tradici\u00f3n y de imaginaci\u00f3n que de realidad.<br \/>\n\u2022 En ocasiones nos presentan relatos maravillosos que tienen su origen en un hecho o personaje real, pero que transformado por la cultura popular muestra una dimensi\u00f3n misteriosa o m\u00e1gica.<br \/>\n\u2022 Su estructura presenta habitualmente tres partes:<br \/>\n\u2013presentaci\u00f3n de la situaci\u00f3n y\/o del personaje principal<br \/>\n\u2013complicaci\u00f3n, problema<br \/>\n\u2013desenlace, soluci\u00f3n<\/p>\n<p>LA LAMIA ENAMORADA<\/p>\n<iframe width=\"584\" height=\"329\" src=\"https:\/\/www.youtube.com\/embed\/28an_kQhMds?feature=oembed\" frameborder=\"0\" allowfullscreen><\/iframe>\n<p style=\"text-align: justify\"><span style=\"text-decoration: underline\"><strong>C\u00f3mic<\/strong><\/span><\/p>\n<p style=\"text-align: justify\">Una <b>historieta<\/b> o <b>c\u00f3mic<\/b> es una serie de dibujos que constituyen un relato, con o sin texto,\u00a0as\u00ed como al medio de comunicaci\u00f3n en su conjunto.<\/p>\n<p style=\"text-align: justify\">Descargate \u00a0tu <strong><a href=\"https:\/\/drive.google.com\/folderview?id=0B4A235cc9YNqYlp2SVE4aHVyUFU&amp;usp=sharing\" target=\"_blank\">c\u00f3mic<\/a><\/strong><\/p>\n<p style=\"text-align: justify\"><a href=\"https:\/\/cpgarciagaldeano.educacion.navarra.es\/web\/blog5\/wp-content\/uploads\/sites\/2\/2016\/01\/Imagen10.png\"><img loading=\"lazy\" class=\"aligncenter wp-image-405 size-full\" src=\"https:\/\/cpgarciagaldeano.educacion.navarra.es\/web\/blog5\/wp-content\/uploads\/sites\/2\/2016\/01\/Imagen10.png\" alt=\"Imagen10\" width=\"832\" height=\"316\" srcset=\"https:\/\/cpgarciagaldeano.educacion.navarra.es\/web\/blog5\/wp-content\/uploads\/sites\/2\/2016\/01\/Imagen10.png 832w, https:\/\/cpgarciagaldeano.educacion.navarra.es\/web\/blog5\/wp-content\/uploads\/sites\/2\/2016\/01\/Imagen10-300x114.png 300w, https:\/\/cpgarciagaldeano.educacion.navarra.es\/web\/blog5\/wp-content\/uploads\/sites\/2\/2016\/01\/Imagen10-768x292.png 768w, https:\/\/cpgarciagaldeano.educacion.navarra.es\/web\/blog5\/wp-content\/uploads\/sites\/2\/2016\/01\/Imagen10-500x190.png 500w\" sizes=\"(max-width: 832px) 100vw, 832px\" \/><\/a><\/p>\n<p style=\"text-align: justify\"><a href=\"https:\/\/cpgarciagaldeano.educacion.navarra.es\/web\/blog5\/wp-content\/uploads\/sites\/2\/2016\/01\/Imagen11.png\"><img loading=\"lazy\" class=\"aligncenter wp-image-407 size-medium\" src=\"https:\/\/cpgarciagaldeano.educacion.navarra.es\/web\/blog5\/wp-content\/uploads\/sites\/2\/2016\/01\/Imagen11-300x171.png\" alt=\"Imagen11\" width=\"300\" height=\"171\" srcset=\"https:\/\/cpgarciagaldeano.educacion.navarra.es\/web\/blog5\/wp-content\/uploads\/sites\/2\/2016\/01\/Imagen11-300x171.png 300w, https:\/\/cpgarciagaldeano.educacion.navarra.es\/web\/blog5\/wp-content\/uploads\/sites\/2\/2016\/01\/Imagen11-500x285.png 500w, https:\/\/cpgarciagaldeano.educacion.navarra.es\/web\/blog5\/wp-content\/uploads\/sites\/2\/2016\/01\/Imagen11.png 534w\" sizes=\"(max-width: 300px) 100vw, 300px\" \/><\/a><\/p>\n<p style=\"text-align: justify\"><span style=\"text-decoration: underline\"><strong>Publicidad<\/strong><\/span><\/p>\n<p style=\"padding-left: 30px\"><img loading=\"lazy\" class=\"size-full wp-image-337 alignleft\" src=\"https:\/\/cpgarciagaldeano.educacion.navarra.es\/web\/blog5\/wp-content\/uploads\/sites\/2\/2016\/01\/I.Ronquidos.jpg\" alt=\"I.Ronquidos\" width=\"107\" height=\"143\" \/>El\u00a0texto publicitario es aquel que intenta llamar la atenci\u00f3n de potenciales consumidores respecto al producto o servicio que se desea promocionar.\u00a0Concretamente podemos decir que un texto publicitario persigue dos objetivos: dar a conocer un producto e incitar al p\u00fablico a que lo adquiera.<\/p>\n<p style=\"text-align: justify\">Su finalidad es la venta de objetos y servicios, pero, en esencia y sus resultados, va m\u00e1s all\u00e1 de la actividad comercial: difunde valores ideol\u00f3gicos y sociales, y contribuye a crear la llamada<strong> \u00abcultura de masa\u00bb<\/strong>.<\/p>\n<p style=\"text-align: justify\">Y ahora, \u00a0unos minutos de<strong> <a href=\"https:\/\/drive.google.com\/folderview?id=0B4A235cc9YNqYkN6aURpVDNNVUE&amp;usp=sharing\" target=\"_blank\">publicidad<\/a>&#8230;<\/strong><\/p>\n<p style=\"text-align: justify\"><span style=\"text-decoration: underline\"><strong>Instrucciones<\/strong><\/span><\/p>\n<p style=\"text-align: justify\">El texto instructivo generalmente se aplica para resolver problemas de la vida cotidiana, tanto en la escuela como fuera de ella: c\u00f3mo utilizar un televisor, c\u00f3mo cocinar alg\u00fan alimento, c\u00f3mo instalar una computadora, c\u00f3mo pintar un cuarto, etc. El uso mismo de los medios tecnol\u00f3gicos nos exige seguir instrucciones y nos obliga en ciertos casos al manejo de este tipo de textos de instrucci\u00f3n.<\/p>\n<p style=\"text-align: justify\"><a href=\"https:\/\/cpgarciagaldeano.educacion.navarra.es\/web\/blog5\/wp-content\/uploads\/sites\/2\/2016\/01\/inventos2.png\"><img loading=\"lazy\" class=\"aligncenter wp-image-333 size-full\" src=\"https:\/\/cpgarciagaldeano.educacion.navarra.es\/web\/blog5\/wp-content\/uploads\/sites\/2\/2016\/01\/inventos2.png\" alt=\"inventos2\" width=\"1217\" height=\"803\" srcset=\"https:\/\/cpgarciagaldeano.educacion.navarra.es\/web\/blog5\/wp-content\/uploads\/sites\/2\/2016\/01\/inventos2.png 1217w, https:\/\/cpgarciagaldeano.educacion.navarra.es\/web\/blog5\/wp-content\/uploads\/sites\/2\/2016\/01\/inventos2-300x198.png 300w, https:\/\/cpgarciagaldeano.educacion.navarra.es\/web\/blog5\/wp-content\/uploads\/sites\/2\/2016\/01\/inventos2-768x507.png 768w, https:\/\/cpgarciagaldeano.educacion.navarra.es\/web\/blog5\/wp-content\/uploads\/sites\/2\/2016\/01\/inventos2-1024x676.png 1024w, https:\/\/cpgarciagaldeano.educacion.navarra.es\/web\/blog5\/wp-content\/uploads\/sites\/2\/2016\/01\/inventos2-455x300.png 455w\" sizes=\"(max-width: 1217px) 100vw, 1217px\" \/><\/a><\/p>\n<p style=\"text-align: center\">Pinchando <strong><a href=\"https:\/\/drive.google.com\/folderview?id=0B4A235cc9YNqT1REY3FicDRjMUU&amp;usp=sharing\" target=\"_blank\">aqu\u00ed<\/a><\/strong> podr\u00e1s\u00a0descubrir todos nuestros inventos<\/p>\n<p style=\"text-align: justify\"><strong><span style=\"text-decoration: underline\">La Novela<\/span><\/strong><\/p>\n<p style=\"text-align: justify\">La <b>novela<\/b> es una obra literaria en prosa en la que se narra una acci\u00f3n fingida en todo o en parte, y cuyo fin es causar placer est\u00e9tico a los lectores con la descripci\u00f3n o pintura de sucesos o lances interesantes, as\u00ed como de caracteres, pasiones y costumbres.<\/p>\n<p style=\"text-align: center\">\u00abMi vecino de abajo\u00bb<\/p>\n<p><iframe loading=\"lazy\" width=\"584\" height=\"329\" src=\"https:\/\/www.youtube.com\/embed\/jjEccTXlLhg?feature=oembed\" frameborder=\"0\" allowfullscreen><\/iframe><\/p>\n<p><em>Sinopsis<\/em>:<\/p>\n<p style=\"text-align: justify\">\u00bfC\u00f3mo piensas que es Islandia? \u00bfY los islandeses? Yo conoc\u00ed una vez a un island\u00e9s; era raro y misterioso. Para que te hagas una idea, te dir\u00e9 dos cosas: tend\u00eda las hojas de lechuga y nunca encend\u00eda la luz del pasillo. S. Peltoonen, se llamaba. A lo mejor alg\u00fan d\u00eda descubro qu\u00e9 significaba aquella \u201cs\u201d.<\/p>\n<p style=\"text-align: justify\"><span style=\"text-decoration: underline\"><strong>\u00a0La Poes\u00eda<\/strong><\/span><\/p>\n<p style=\"text-align: justify\">La<strong>\u00a0poes\u00eda<\/strong>\u00a0es un\u00a0<strong>g\u00e9nero literario<\/strong>\u00a0que<strong> se caracteriza por ser la m\u00e1s depurada manifestaci\u00f3n, por medio de la palabra, de los sentimientos, emociones y reflexiones<\/strong> que puede expresar el ser humano en torno a la belleza, el amor, la vida o la muerte. Como tal, puede estar compuesta tanto en\u00a0verso\u00a0como en\u00a0prosa.<\/p>\n<p style=\"text-align: justify\">GRAVITACIONES C\u00d3SMICAS<\/p>\n<ul>\n<li style=\"text-align: justify\"><a href=\"https:\/\/drive.google.com\/file\/d\/0B4A235cc9YNqRWRnOW5fNndqX0U\/view?usp=sharing\" target=\"_blank\">Poes\u00eda Ainara y Natalia<\/a><\/li>\n<li style=\"text-align: justify\"><a href=\"https:\/\/drive.google.com\/file\/d\/0B4A235cc9YNqbWhkd0JIckhjUFk\/view?usp=sharing\" target=\"_blank\">Poes\u00eda Souley<\/a><\/li>\n<li style=\"text-align: justify\"><a href=\"https:\/\/drive.google.com\/file\/d\/0B4A235cc9YNqNU1ycGxXbjVVYW8\/view?usp=sharing\" target=\"_blank\">Poes\u00eda G\u00e9nesis, Sara y Jason<\/a><\/li>\n<li style=\"text-align: justify\"><a href=\"https:\/\/drive.google.com\/file\/d\/0B4A235cc9YNqbGE3Q1RLdldvWGc\/view?usp=sharing\" target=\"_blank\">Poes\u00eda Fatou y Eneko<\/a><\/li>\n<li style=\"text-align: justify\"><a href=\"https:\/\/drive.google.com\/file\/d\/0B4A235cc9YNqQ0g5OHgwQW1lSHM\/view?usp=sharing\" target=\"_blank\">Poes\u00eda Yaiza y Roxanna<\/a><\/li>\n<\/ul>\n<p><strong><span style=\"text-decoration: underline\">El Teatro<\/span><\/strong><\/p>\n<p style=\"text-align: justify\">El <b>teatro<\/b> es un g\u00e9nero literario \u2014ya sea en prosa o en verso, normalmente dialogado\u2014 pensado para ser representado; las artes esc\u00e9nicas cubren todo lo relativo a la escritura de la obra teatral, la interpretaci\u00f3n, la producci\u00f3n y los vestuarios y escenarios.<\/p>\n<p style=\"text-align: justify\">JUEGO DE DETECTIVES<\/p>\n\n\t\t<style type=\"text\/css\">\n\t\t\t#gallery-1 {\n\t\t\t\tmargin: auto;\n\t\t\t}\n\t\t\t#gallery-1 .gallery-item {\n\t\t\t\tfloat: left;\n\t\t\t\tmargin-top: 10px;\n\t\t\t\ttext-align: center;\n\t\t\t\twidth: 33%;\n\t\t\t}\n\t\t\t#gallery-1 img {\n\t\t\t\tborder: 2px solid #cfcfcf;\n\t\t\t}\n\t\t\t#gallery-1 .gallery-caption {\n\t\t\t\tmargin-left: 0;\n\t\t\t}\n\t\t\t\/* see gallery_shortcode() in wp-includes\/media.php *\/\n\t\t<\/style>\n\t\t<div id='gallery-1' class='gallery galleryid-66 gallery-columns-3 gallery-size-thumbnail'><dl class='gallery-item'>\n\t\t\t<dt class='gallery-icon landscape'>\n\t\t\t\t<a href='https:\/\/cpgarciagaldeano.educacion.navarra.es\/web\/blog5\/lengua\/dscf7080\/'><img width=\"150\" height=\"150\" src=\"https:\/\/cpgarciagaldeano.educacion.navarra.es\/web\/blog5\/wp-content\/uploads\/sites\/2\/2016\/01\/DSCF7080-150x150.jpg\" class=\"attachment-thumbnail size-thumbnail\" alt=\"\" loading=\"lazy\" \/><\/a>\n\t\t\t<\/dt><\/dl><dl class='gallery-item'>\n\t\t\t<dt class='gallery-icon landscape'>\n\t\t\t\t<a href='https:\/\/cpgarciagaldeano.educacion.navarra.es\/web\/blog5\/lengua\/dscf7086\/'><img width=\"150\" height=\"150\" src=\"https:\/\/cpgarciagaldeano.educacion.navarra.es\/web\/blog5\/wp-content\/uploads\/sites\/2\/2016\/01\/DSCF7086-150x150.jpg\" class=\"attachment-thumbnail size-thumbnail\" alt=\"\" loading=\"lazy\" \/><\/a>\n\t\t\t<\/dt><\/dl><dl class='gallery-item'>\n\t\t\t<dt class='gallery-icon landscape'>\n\t\t\t\t<a href='https:\/\/cpgarciagaldeano.educacion.navarra.es\/web\/blog5\/lengua\/dscf7095\/'><img width=\"150\" height=\"150\" src=\"https:\/\/cpgarciagaldeano.educacion.navarra.es\/web\/blog5\/wp-content\/uploads\/sites\/2\/2016\/01\/DSCF7095-150x150.jpg\" class=\"attachment-thumbnail size-thumbnail\" alt=\"\" loading=\"lazy\" \/><\/a>\n\t\t\t<\/dt><\/dl><br style=\"clear: both\" \/><dl class='gallery-item'>\n\t\t\t<dt class='gallery-icon landscape'>\n\t\t\t\t<a href='https:\/\/cpgarciagaldeano.educacion.navarra.es\/web\/blog5\/lengua\/dscf7097\/'><img width=\"150\" height=\"150\" src=\"https:\/\/cpgarciagaldeano.educacion.navarra.es\/web\/blog5\/wp-content\/uploads\/sites\/2\/2016\/01\/DSCF7097-150x150.jpg\" class=\"attachment-thumbnail size-thumbnail\" alt=\"\" loading=\"lazy\" \/><\/a>\n\t\t\t<\/dt><\/dl><dl class='gallery-item'>\n\t\t\t<dt class='gallery-icon landscape'>\n\t\t\t\t<a href='https:\/\/cpgarciagaldeano.educacion.navarra.es\/web\/blog5\/lengua\/dscf7106\/'><img width=\"150\" height=\"150\" src=\"https:\/\/cpgarciagaldeano.educacion.navarra.es\/web\/blog5\/wp-content\/uploads\/sites\/2\/2016\/01\/DSCF7106-150x150.jpg\" class=\"attachment-thumbnail size-thumbnail\" alt=\"\" loading=\"lazy\" \/><\/a>\n\t\t\t<\/dt><\/dl><dl class='gallery-item'>\n\t\t\t<dt class='gallery-icon landscape'>\n\t\t\t\t<a href='https:\/\/cpgarciagaldeano.educacion.navarra.es\/web\/blog5\/lengua\/dscf7067\/'><img width=\"150\" height=\"150\" src=\"https:\/\/cpgarciagaldeano.educacion.navarra.es\/web\/blog5\/wp-content\/uploads\/sites\/2\/2016\/01\/DSCF7067-150x150.jpg\" class=\"attachment-thumbnail size-thumbnail\" alt=\"\" loading=\"lazy\" \/><\/a>\n\t\t\t<\/dt><\/dl><br style=\"clear: both\" \/>\n\t\t<\/div>\n\n<p><strong><span style=\"text-decoration: underline\">La entrevista<\/span><\/strong><\/p>\n<p>Una <b>entrevista<\/b> es un di\u00e1logo entablado entre dos o m\u00e1s personas: el entrevistador o entrevistadores que interrogan y el o los entrevistados que contestan.<\/p>\n<ul>\n<li><a href=\"https:\/\/drive.google.com\/file\/d\/0B4A235cc9YNqNGlPSm1zaHpfM2c\/view?usp=sharing\" target=\"_blank\">Entrevista al grupo de BigBox<\/a><\/li>\n<li><a href=\"https:\/\/drive.google.com\/file\/d\/0B4A235cc9YNqcHc0eWZWbEhMYkk\/view?usp=sharing\" target=\"_blank\">Entrevista a Jennifer Lopez<\/a><\/li>\n<li><a href=\"https:\/\/drive.google.com\/file\/d\/0B4A235cc9YNqNTRYSXZfOVVEX28\/view?usp=sharing\" target=\"_blank\">Entrevista a un jinete<\/a><\/li>\n<li><a href=\"https:\/\/drive.google.com\/file\/d\/0B4A235cc9YNqNjMtNm5Dal9QTWM\/view?usp=sharing\" target=\"_blank\">Entrevista a Cristiano Ronaldo<\/a><\/li>\n<li><a href=\"https:\/\/drive.google.com\/file\/d\/0B4A235cc9YNqbVlZc3p5MC1MRzA\/view?usp=sharing\" target=\"_blank\">Entrevista a Laura Marano<\/a><\/li>\n<\/ul>\n","protected":false},"excerpt":{"rendered":"<p>El objetivo es que los alumnos adquieran las habilidades comunicativas que son indispensables para desenvolverse en el mundo y para integrarse en una sociedad de manera activa e informada. Periodismo: art\u00edculos deportivos Periodismo deportivo es la forma del periodismo que &hellip; <a href=\"https:\/\/cpgarciagaldeano.educacion.navarra.es\/web\/blog5\/lengua\/\">Sigue leyendo <span class=\"meta-nav\">&rarr;<\/span><\/a><\/p>\n","protected":false},"author":1,"featured_media":0,"parent":0,"menu_order":0,"comment_status":"closed","ping_status":"closed","template":"sidebar-page.php","meta":[],"_links":{"self":[{"href":"https:\/\/cpgarciagaldeano.educacion.navarra.es\/web\/blog5\/wp-json\/wp\/v2\/pages\/66"}],"collection":[{"href":"https:\/\/cpgarciagaldeano.educacion.navarra.es\/web\/blog5\/wp-json\/wp\/v2\/pages"}],"about":[{"href":"https:\/\/cpgarciagaldeano.educacion.navarra.es\/web\/blog5\/wp-json\/wp\/v2\/types\/page"}],"author":[{"embeddable":true,"href":"https:\/\/cpgarciagaldeano.educacion.navarra.es\/web\/blog5\/wp-json\/wp\/v2\/users\/1"}],"replies":[{"embeddable":true,"href":"https:\/\/cpgarciagaldeano.educacion.navarra.es\/web\/blog5\/wp-json\/wp\/v2\/comments?post=66"}],"version-history":[{"count":32,"href":"https:\/\/cpgarciagaldeano.educacion.navarra.es\/web\/blog5\/wp-json\/wp\/v2\/pages\/66\/revisions"}],"predecessor-version":[{"id":800,"href":"https:\/\/cpgarciagaldeano.educacion.navarra.es\/web\/blog5\/wp-json\/wp\/v2\/pages\/66\/revisions\/800"}],"wp:attachment":[{"href":"https:\/\/cpgarciagaldeano.educacion.navarra.es\/web\/blog5\/wp-json\/wp\/v2\/media?parent=66"}],"curies":[{"name":"wp","href":"https:\/\/api.w.org\/{rel}","templated":true}]}}